{"id":10206,"date":"2023-10-07T06:38:03","date_gmt":"2023-10-07T06:38:03","guid":{"rendered":"https:\/\/michaela-merk.com\/?page_id=10206"},"modified":"2025-02-20T11:01:48","modified_gmt":"2025-02-20T11:01:48","slug":"faq","status":"publish","type":"page","link":"https:\/\/michaela-merk.com\/fr\/faq\/","title":{"rendered":"FAQ"},"content":{"rendered":"\t\t<div data-elementor-type=\"wp-page\" data-elementor-id=\"10206\" class=\"elementor elementor-10206 elementor-31\" data-elementor-post-type=\"page\">\n\t\t\t\t<div class=\"elementor-element elementor-element-72ea4c8 e-flex e-con-boxed e-con e-parent\" data-id=\"72ea4c8\" data-element_type=\"container\" data-e-type=\"container\" data-settings=\"{&quot;background_background&quot;:&quot;classic&quot;}\">\n\t\t\t\t\t<div class=\"e-con-inner\">\n\t\t<div class=\"elementor-element elementor-element-604fc03 e-con-full e-flex e-con e-child\" data-id=\"604fc03\" data-element_type=\"container\" data-e-type=\"container\">\n\t\t<div class=\"elementor-element elementor-element-c4921da e-con-full e-flex e-con e-child\" data-id=\"c4921da\" data-element_type=\"container\" data-e-type=\"container\">\n\t\t\t\t<div class=\"elementor-element elementor-element-fdca58b elementor-widget elementor-widget-heading\" data-id=\"fdca58b\" data-element_type=\"widget\" data-e-type=\"widget\" data-widget_type=\"heading.default\">\n\t\t\t\t<div class=\"elementor-widget-container\">\n\t\t\t\t\t<h2 class=\"elementor-heading-title elementor-size-default\">FAQ<\/h2>\t\t\t\t<\/div>\n\t\t\t\t<\/div>\n\t\t\t\t<div class=\"elementor-element elementor-element-f412c8b elementor-widget elementor-widget-heading\" data-id=\"f412c8b\" data-element_type=\"widget\" data-e-type=\"widget\" data-widget_type=\"heading.default\">\n\t\t\t\t<div class=\"elementor-widget-container\">\n\t\t\t\t\t<h2 class=\"elementor-heading-title elementor-size-default\">Questions fr\u00e9quemment pos\u00e9es<span style=\"color:#BE142C\">.<\/span><\/h2>\t\t\t\t<\/div>\n\t\t\t\t<\/div>\n\t\t\t\t<\/div>\n\t\t\t\t<\/div>\n\t\t\t\t\t<\/div>\n\t\t\t\t<\/div>\n\t\t<div class=\"elementor-element elementor-element-d205acf e-flex e-con-boxed e-con e-parent\" data-id=\"d205acf\" data-element_type=\"container\" data-e-type=\"container\" data-settings=\"{&quot;background_background&quot;:&quot;classic&quot;}\">\n\t\t\t\t\t<div class=\"e-con-inner\">\n\t\t<div class=\"elementor-element elementor-element-8d61ab7 e-con-full e-flex e-con e-child\" data-id=\"8d61ab7\" data-element_type=\"container\" data-e-type=\"container\">\n\t\t<div class=\"elementor-element elementor-element-45a6930 e-con-full e-flex e-con e-child\" data-id=\"45a6930\" data-element_type=\"container\" data-e-type=\"container\">\n\t\t\t\t<div class=\"elementor-element elementor-element-c22df63 elementor-widget elementor-widget-heading\" data-id=\"c22df63\" data-element_type=\"widget\" data-e-type=\"widget\" data-widget_type=\"heading.default\">\n\t\t\t\t<div class=\"elementor-widget-container\">\n\t\t\t\t\t<h2 class=\"elementor-heading-title elementor-size-default\">SUPPORT<\/h2>\t\t\t\t<\/div>\n\t\t\t\t<\/div>\n\t\t\t\t<div class=\"elementor-element elementor-element-390bed3 elementor-widget elementor-widget-text-editor\" data-id=\"390bed3\" data-element_type=\"widget\" data-e-type=\"widget\" data-widget_type=\"text-editor.default\">\n\t\t\t\t<div class=\"elementor-widget-container\">\n\t\t\t\t\t\t\t\t\t<p>Nous avons fourni une liste de r\u00e9ponses aux questions les plus fr\u00e9quemment pos\u00e9es dans la section FAQ.<br \/>Si vous avez d&#8217;autres questions, n&#8217;h\u00e9sitez pas \u00e0 nous contacter.<\/p>\t\t\t\t\t\t\t\t<\/div>\n\t\t\t\t<\/div>\n\t\t\t\t<div class=\"elementor-element elementor-element-e94ea47 elementor-widget__width-initial elementor-widget-mobile__width-inherit elementor-widget elementor-widget-html\" data-id=\"e94ea47\" data-element_type=\"widget\" data-e-type=\"widget\" data-widget_type=\"html.default\">\n\t\t\t\t<div class=\"elementor-widget-container\">\n\t\t\t\t\t<select name=\"links\" id=\"\" size=\"1\" onchange=\"window.location.href=this.value;\">\r\n  <option value=\"#company\" selected>L'entreprise<\/option>\r\n  <option value=\"#keynotes\">Conf\u00e9rences<\/option>\r\n  <option value=\"#workshops\">Ateliers<\/option>\r\n  <option value=\"#coaching\">30' Coaching priv\u00e9l<\/option>\r\n  <option value=\"#bootcamp\"> Bootcamp Leadership<\/option>\r\n<\/select>\t\t\t\t<\/div>\n\t\t\t\t<\/div>\n\t\t\t\t<\/div>\n\t\t\t\t<\/div>\n\t\t\t\t\t<\/div>\n\t\t\t\t<\/div>\n\t\t<div class=\"elementor-element elementor-element-f4cf7c9 e-flex e-con-boxed e-con e-parent\" data-id=\"f4cf7c9\" data-element_type=\"container\" data-e-type=\"container\" data-settings=\"{&quot;background_background&quot;:&quot;classic&quot;}\">\n\t\t\t\t\t<div class=\"e-con-inner\">\n\t\t<div class=\"elementor-element elementor-element-175696c e-con-full e-flex e-con e-child\" data-id=\"175696c\" data-element_type=\"container\" data-e-type=\"container\">\n\t\t<div class=\"elementor-element elementor-element-775f712 e-con-full company e-flex e-con e-child\" data-id=\"775f712\" data-element_type=\"container\" data-e-type=\"container\">\n\t\t\t\t<div class=\"elementor-element elementor-element-97a1ae0 elementor-widget__width-inherit elementor-widget elementor-widget-heading\" data-id=\"97a1ae0\" data-element_type=\"widget\" data-e-type=\"widget\" data-widget_type=\"heading.default\">\n\t\t\t\t<div class=\"elementor-widget-container\">\n\t\t\t\t\t<h2 class=\"elementor-heading-title elementor-size-default\">L'ENTREPRISE<\/h2>\t\t\t\t<\/div>\n\t\t\t\t<\/div>\n\t\t\t\t<div class=\"elementor-element elementor-element-bfabb36 elementor-widget elementor-widget-text-editor\" data-id=\"bfabb36\" data-element_type=\"widget\" data-e-type=\"widget\" data-widget_type=\"text-editor.default\">\n\t\t\t\t<div class=\"elementor-widget-container\">\n\t\t\t\t\t\t\t\t\t<script>\njQuery(document).ready(function($) {\nvar delay = 10; setTimeout(function() {\n$('.elementor-tab-title').removeClass('elementor-active');\n $('.elementor-tab-content').css('display', 'none'); }, delay);\n});\n<\/script>\t\t\t\t\t\t\t\t<\/div>\n\t\t\t\t<\/div>\n\t\t\t\t<div class=\"elementor-element elementor-element-0c4355a elementor-widget__width-initial elementor-widget elementor-widget-accordion\" data-id=\"0c4355a\" data-element_type=\"widget\" data-e-type=\"widget\" data-widget_type=\"accordion.default\">\n\t\t\t\t<div class=\"elementor-widget-container\">\n\t\t\t\t\t\t\t<div class=\"elementor-accordion\">\n\t\t\t\t\t\t\t<div class=\"elementor-accordion-item\">\n\t\t\t\t\t<div id=\"elementor-tab-title-1281\" class=\"elementor-tab-title\" data-tab=\"1\" role=\"button\" aria-controls=\"elementor-tab-content-1281\" aria-expanded=\"false\">\n\t\t\t\t\t\t\t\t\t\t\t\t\t<span class=\"elementor-accordion-icon elementor-accordion-icon-right\" aria-hidden=\"true\">\n\t\t\t\t\t\t\t\t\t\t\t\t\t\t\t<span class=\"elementor-accordion-icon-closed\"><i class=\"fas fa-plus\"><\/i><\/span>\n\t\t\t\t\t\t\t\t<span class=\"elementor-accordion-icon-opened\"><i class=\"fas fa-minus\"><\/i><\/span>\n\t\t\t\t\t\t\t\t\t\t\t\t\t\t<\/span>\n\t\t\t\t\t\t\t\t\t\t\t\t<a class=\"elementor-accordion-title\" tabindex=\"0\">Quel est l'objectif de l'entreprise ?<\/a>\n\t\t\t\t\t<\/div>\n\t\t\t\t\t<div id=\"elementor-tab-content-1281\" class=\"elementor-tab-content elementor-clearfix\" data-tab=\"1\" role=\"region\" aria-labelledby=\"elementor-tab-title-1281\"><p><strong>Au fond, notre mission est simple : former de meilleurs dirigeants.<\/strong>\u00a0Inspir\u00e9s par le parcours de Michaela, qui est pass\u00e9e de l&#8217;inspiration et de la direction d&#8217;\u00e9quipes dans le secteur du luxe \u00e0 la gestion d&#8217;un licenciement difficile, nous sommes l\u00e0 pour aider les gens \u00e0 r\u00e9aliser leur potentiel de leadership et \u00e0 rebondir quelles que soient les circonstances. Nous croyons en la cr\u00e9ation d&#8217;une atmosph\u00e8re dans laquelle le leadership n&#8217;est pas seulement synonyme de &#8220;leadership&#8221;.\u00a0<strong>de meilleurs r\u00e9sultats commerciaux <\/strong>mais aussi avec une plus grande\u00a0<strong>solidaire<\/strong>,\u00a0<strong>accueillant<\/strong>\u00a0et\u00a0<strong>un lieu de travail satisfaisant.<\/strong>\u00a0Nous passons en moyenne 210 heures par mois au travail. Et si nous en faisions quelque chose de sain et de stimulant ?<\/p><\/div>\n\t\t\t\t<\/div>\n\t\t\t\t\t\t\t<div class=\"elementor-accordion-item\">\n\t\t\t\t\t<div id=\"elementor-tab-title-1282\" class=\"elementor-tab-title\" data-tab=\"2\" role=\"button\" aria-controls=\"elementor-tab-content-1282\" aria-expanded=\"false\">\n\t\t\t\t\t\t\t\t\t\t\t\t\t<span class=\"elementor-accordion-icon elementor-accordion-icon-right\" aria-hidden=\"true\">\n\t\t\t\t\t\t\t\t\t\t\t\t\t\t\t<span class=\"elementor-accordion-icon-closed\"><i class=\"fas fa-plus\"><\/i><\/span>\n\t\t\t\t\t\t\t\t<span class=\"elementor-accordion-icon-opened\"><i class=\"fas fa-minus\"><\/i><\/span>\n\t\t\t\t\t\t\t\t\t\t\t\t\t\t<\/span>\n\t\t\t\t\t\t\t\t\t\t\t\t<a class=\"elementor-accordion-title\" tabindex=\"0\">Comment puis-je en savoir plus sur le travail de Michaela ?<\/a>\n\t\t\t\t\t<\/div>\n\t\t\t\t\t<div id=\"elementor-tab-content-1282\" class=\"elementor-tab-content elementor-clearfix\" data-tab=\"2\" role=\"region\" aria-labelledby=\"elementor-tab-title-1282\"><p>Vous voulez en savoir plus sur Michaela ? Vous pouvez consulter son parcours professionnel et son exp\u00e9rience sur son site web.\u00a0<a href=\"https:\/\/www.linkedin.com\/in\/michaelamerk\/\" target=\"_blank\" rel=\"noopener\"><strong>LinkedIn<\/strong><\/a><strong>\u00a0<\/strong>profil. Mais si vous voulez vraiment la conna\u00eetre, suivez-la sur\u00a0<a href=\"https:\/\/www.linkedin.com\/in\/michaelamerk\/\" target=\"_blank\" rel=\"noopener\"><strong>Instagram<\/strong><\/a>,\u00a0<a href=\"https:\/\/www.youtube.com\/@MichaelaMerkLeadership\" target=\"_blank\" rel=\"noopener\"><strong>YouTube<\/strong><\/a><strong>\u00a0<\/strong>et\u00a0<a href=\"https:\/\/open.spotify.com\/show\/7qdQGKGoC62UDUm5yO0RFd?si=757130c262f2412a\" target=\"_blank\" rel=\"noopener\"><strong>Spotify<\/strong><\/a>. Elle s&#8217;y rend r\u00e9guli\u00e8rement\u00a0<strong>partage ses r\u00e9flexions, ses \u00e9l\u00e9ments de motivation et ses conseils que vous pouvez appliquer au travail et \u00e0 la maison.<\/strong>\u00a0C&#8217;est une excellente fa\u00e7on de comprendre sa passion pour aider les gens \u00e0 devenir les meilleurs leaders possibles.<\/p><\/div>\n\t\t\t\t<\/div>\n\t\t\t\t\t\t\t<div class=\"elementor-accordion-item\">\n\t\t\t\t\t<div id=\"elementor-tab-title-1283\" class=\"elementor-tab-title\" data-tab=\"3\" role=\"button\" aria-controls=\"elementor-tab-content-1283\" aria-expanded=\"false\">\n\t\t\t\t\t\t\t\t\t\t\t\t\t<span class=\"elementor-accordion-icon elementor-accordion-icon-right\" aria-hidden=\"true\">\n\t\t\t\t\t\t\t\t\t\t\t\t\t\t\t<span class=\"elementor-accordion-icon-closed\"><i class=\"fas fa-plus\"><\/i><\/span>\n\t\t\t\t\t\t\t\t<span class=\"elementor-accordion-icon-opened\"><i class=\"fas fa-minus\"><\/i><\/span>\n\t\t\t\t\t\t\t\t\t\t\t\t\t\t<\/span>\n\t\t\t\t\t\t\t\t\t\t\t\t<a class=\"elementor-accordion-title\" tabindex=\"0\">Combien de temps \u00e0 l'avance devons-nous r\u00e9server les services de Michaela (conf\u00e9rences, ateliers) ?<\/a>\n\t\t\t\t\t<\/div>\n\t\t\t\t\t<div id=\"elementor-tab-content-1283\" class=\"elementor-tab-content elementor-clearfix\" data-tab=\"3\" role=\"region\" aria-labelledby=\"elementor-tab-title-1283\"><p>En raison de la pr\u00e9sence internationale de Michaela, son emploi du temps se remplit rapidement. Pour \u00eatre s\u00fbr de l&#8217;avoir pour votre \u00e9v\u00e9nement, nous vous recommandons de la contacter.\u00a0<strong>au moins 3 mois \u00e0 l&#8217;avance.<\/strong>\u00a0Elle dispose ainsi de beaucoup de temps pour se pr\u00e9parer et assurer le succ\u00e8s de votre \u00e9v\u00e9nement, o\u00f9 qu&#8217;il ait lieu.<\/p><\/div>\n\t\t\t\t<\/div>\n\t\t\t\t\t\t\t<div class=\"elementor-accordion-item\">\n\t\t\t\t\t<div id=\"elementor-tab-title-1284\" class=\"elementor-tab-title\" data-tab=\"4\" role=\"button\" aria-controls=\"elementor-tab-content-1284\" aria-expanded=\"false\">\n\t\t\t\t\t\t\t\t\t\t\t\t\t<span class=\"elementor-accordion-icon elementor-accordion-icon-right\" aria-hidden=\"true\">\n\t\t\t\t\t\t\t\t\t\t\t\t\t\t\t<span class=\"elementor-accordion-icon-closed\"><i class=\"fas fa-plus\"><\/i><\/span>\n\t\t\t\t\t\t\t\t<span class=\"elementor-accordion-icon-opened\"><i class=\"fas fa-minus\"><\/i><\/span>\n\t\t\t\t\t\t\t\t\t\t\t\t\t\t<\/span>\n\t\t\t\t\t\t\t\t\t\t\t\t<a class=\"elementor-accordion-title\" tabindex=\"0\">Comment pr\u00e9parez-vous vos conf\u00e9rences et ateliers ?<\/a>\n\t\t\t\t\t<\/div>\n\t\t\t\t\t<div id=\"elementor-tab-content-1284\" class=\"elementor-tab-content elementor-clearfix\" data-tab=\"4\" role=\"region\" aria-labelledby=\"elementor-tab-title-1284\"><p>Tout commence avec le <a href=\"https:\/\/michaela-merk.com\/fr\/contact\/\"><strong>formulaire de contact.<\/strong><\/a> Vous nous direz alors ce qui vous int\u00e9resse et ce dont vous avez besoin. Vous aurez ensuite un entretien t\u00e9l\u00e9phonique de 30 minutes avec Michaela, au cours duquel vous pourrez expliquer vos besoins en d\u00e9tail. Michaela consacre ensuite environ une semaine \u00e0 la pr\u00e9paration, suivie de quelques r\u00e9p\u00e9titions avant le grand jour. Cela lui permet de s&#8217;assurer que sa pr\u00e9sentation et ses activit\u00e9s touchent r\u00e9ellement votre \u00e9quipe et d\u00e9clenchent les r\u00e9sultats souhait\u00e9s.<\/p><\/div>\n\t\t\t\t<\/div>\n\t\t\t\t\t\t\t<div class=\"elementor-accordion-item\">\n\t\t\t\t\t<div id=\"elementor-tab-title-1285\" class=\"elementor-tab-title\" data-tab=\"5\" role=\"button\" aria-controls=\"elementor-tab-content-1285\" aria-expanded=\"false\">\n\t\t\t\t\t\t\t\t\t\t\t\t\t<span class=\"elementor-accordion-icon elementor-accordion-icon-right\" aria-hidden=\"true\">\n\t\t\t\t\t\t\t\t\t\t\t\t\t\t\t<span class=\"elementor-accordion-icon-closed\"><i class=\"fas fa-plus\"><\/i><\/span>\n\t\t\t\t\t\t\t\t<span class=\"elementor-accordion-icon-opened\"><i class=\"fas fa-minus\"><\/i><\/span>\n\t\t\t\t\t\t\t\t\t\t\t\t\t\t<\/span>\n\t\t\t\t\t\t\t\t\t\t\t\t<a class=\"elementor-accordion-title\" tabindex=\"0\">Quelles informations dois-je vous fournir ?<\/a>\n\t\t\t\t\t<\/div>\n\t\t\t\t\t<div id=\"elementor-tab-content-1285\" class=\"elementor-tab-content elementor-clearfix\" data-tab=\"5\" role=\"region\" aria-labelledby=\"elementor-tab-title-1285\"><p>Lorsque vous remplissez le formulaire de contact, plus vous nous donnez de d\u00e9tails, mieux c&#8217;est. Les objectifs de votre entreprise, sa culture et ce que vous esp\u00e9rez retirer de l&#8217;\u00e9v\u00e9nement sont autant d&#8217;\u00e9l\u00e9ments utiles. Ces informations permettent \u00e0 Michaela de\u00a0<strong>adapter ses pr\u00e9sentations \u00e0 votre \u00e9quipe, afin de rendre l&#8217;exp\u00e9rience plus attrayante et utile.<\/strong><\/p><\/div>\n\t\t\t\t<\/div>\n\t\t\t\t\t\t\t<div class=\"elementor-accordion-item\">\n\t\t\t\t\t<div id=\"elementor-tab-title-1286\" class=\"elementor-tab-title\" data-tab=\"6\" role=\"button\" aria-controls=\"elementor-tab-content-1286\" aria-expanded=\"false\">\n\t\t\t\t\t\t\t\t\t\t\t\t\t<span class=\"elementor-accordion-icon elementor-accordion-icon-right\" aria-hidden=\"true\">\n\t\t\t\t\t\t\t\t\t\t\t\t\t\t\t<span class=\"elementor-accordion-icon-closed\"><i class=\"fas fa-plus\"><\/i><\/span>\n\t\t\t\t\t\t\t\t<span class=\"elementor-accordion-icon-opened\"><i class=\"fas fa-minus\"><\/i><\/span>\n\t\t\t\t\t\t\t\t\t\t\t\t\t\t<\/span>\n\t\t\t\t\t\t\t\t\t\t\t\t<a class=\"elementor-accordion-title\" tabindex=\"0\">Y a-t-il des conditions pr\u00e9alables ou un travail pr\u00e9paratoire pour les participants ?<\/a>\n\t\t\t\t\t<\/div>\n\t\t\t\t\t<div id=\"elementor-tab-content-1286\" class=\"elementor-tab-content elementor-clearfix\" data-tab=\"6\" role=\"region\" aria-labelledby=\"elementor-tab-title-1286\"><p>Vous n&#8217;avez rien \u00e0 faire avant d&#8217;assister \u00e0 l&#8217;une des conf\u00e9rences de Michaela. Vous pouvez leur parler des caract\u00e9ristiques de l&#8217;\u00e9v\u00e9nement : atypique, interactif et motivant. Cela ne fera qu&#8217;attiser leur curiosit\u00e9.<\/p><\/div>\n\t\t\t\t<\/div>\n\t\t\t\t\t\t\t\t\t\t<script type=\"application\/ld+json\">{\"@context\":\"https:\\\/\\\/schema.org\",\"@type\":\"FAQPage\",\"mainEntity\":[{\"@type\":\"Question\",\"name\":\"Quel est l'objectif de l'entreprise ?\",\"acceptedAnswer\":{\"@type\":\"Answer\",\"text\":\"<p><strong>Au fond, notre mission est simple : former de meilleurs dirigeants.<\\\/strong>\\u00a0Inspir\\u00e9s par le parcours de Michaela, qui est pass\\u00e9e de l&#8217;inspiration et de la direction d&#8217;\\u00e9quipes dans le secteur du luxe \\u00e0 la gestion d&#8217;un licenciement difficile, nous sommes l\\u00e0 pour aider les gens \\u00e0 r\\u00e9aliser leur potentiel de leadership et \\u00e0 rebondir quelles que soient les circonstances. Nous croyons en la cr\\u00e9ation d&#8217;une atmosph\\u00e8re dans laquelle le leadership n&#8217;est pas seulement synonyme de &#8220;leadership&#8221;.\\u00a0<strong>de meilleurs r\\u00e9sultats commerciaux <\\\/strong>mais aussi avec une plus grande\\u00a0<strong>solidaire<\\\/strong>,\\u00a0<strong>accueillant<\\\/strong>\\u00a0et\\u00a0<strong>un lieu de travail satisfaisant.<\\\/strong>\\u00a0Nous passons en moyenne 210 heures par mois au travail. Et si nous en faisions quelque chose de sain et de stimulant ?<\\\/p>\"}},{\"@type\":\"Question\",\"name\":\"Comment puis-je en savoir plus sur le travail de Michaela ?\",\"acceptedAnswer\":{\"@type\":\"Answer\",\"text\":\"<p>Vous voulez en savoir plus sur Michaela ? Vous pouvez consulter son parcours professionnel et son exp\\u00e9rience sur son site web.\\u00a0<a href=\\\"https:\\\/\\\/www.linkedin.com\\\/in\\\/michaelamerk\\\/\\\"><strong>LinkedIn<\\\/strong><\\\/a><strong>\\u00a0<\\\/strong>profil. Mais si vous voulez vraiment la conna\\u00eetre, suivez-la sur\\u00a0<a href=\\\"https:\\\/\\\/www.linkedin.com\\\/in\\\/michaelamerk\\\/\\\"><strong>Instagram<\\\/strong><\\\/a>,\\u00a0<a href=\\\"https:\\\/\\\/www.youtube.com\\\/@MichaelaMerkLeadership\\\"><strong>YouTube<\\\/strong><\\\/a><strong>\\u00a0<\\\/strong>et\\u00a0<a href=\\\"https:\\\/\\\/open.spotify.com\\\/show\\\/7qdQGKGoC62UDUm5yO0RFd?si=757130c262f2412a\\\"><strong>Spotify<\\\/strong><\\\/a>. Elle s&#8217;y rend r\\u00e9guli\\u00e8rement\\u00a0<strong>partage ses r\\u00e9flexions, ses \\u00e9l\\u00e9ments de motivation et ses conseils que vous pouvez appliquer au travail et \\u00e0 la maison.<\\\/strong>\\u00a0C&#8217;est une excellente fa\\u00e7on de comprendre sa passion pour aider les gens \\u00e0 devenir les meilleurs leaders possibles.<\\\/p>\"}},{\"@type\":\"Question\",\"name\":\"Combien de temps \\u00e0 l'avance devons-nous r\\u00e9server les services de Michaela (conf\\u00e9rences, ateliers) ?\",\"acceptedAnswer\":{\"@type\":\"Answer\",\"text\":\"<p>En raison de la pr\\u00e9sence internationale de Michaela, son emploi du temps se remplit rapidement. Pour \\u00eatre s\\u00fbr de l&#8217;avoir pour votre \\u00e9v\\u00e9nement, nous vous recommandons de la contacter.\\u00a0<strong>au moins 3 mois \\u00e0 l&#8217;avance.<\\\/strong>\\u00a0Elle dispose ainsi de beaucoup de temps pour se pr\\u00e9parer et assurer le succ\\u00e8s de votre \\u00e9v\\u00e9nement, o\\u00f9 qu&#8217;il ait lieu.<\\\/p>\"}},{\"@type\":\"Question\",\"name\":\"Comment pr\\u00e9parez-vous vos conf\\u00e9rences et ateliers ?\",\"acceptedAnswer\":{\"@type\":\"Answer\",\"text\":\"<p>Tout commence avec le <a href=\\\"https:\\\/\\\/michaela-merk.com\\\/fr\\\/contact\\\/\\\"><strong>formulaire de contact.<\\\/strong><\\\/a> Vous nous direz alors ce qui vous int\\u00e9resse et ce dont vous avez besoin. Vous aurez ensuite un entretien t\\u00e9l\\u00e9phonique de 30 minutes avec Michaela, au cours duquel vous pourrez expliquer vos besoins en d\\u00e9tail. Michaela consacre ensuite environ une semaine \\u00e0 la pr\\u00e9paration, suivie de quelques r\\u00e9p\\u00e9titions avant le grand jour. Cela lui permet de s&#8217;assurer que sa pr\\u00e9sentation et ses activit\\u00e9s touchent r\\u00e9ellement votre \\u00e9quipe et d\\u00e9clenchent les r\\u00e9sultats souhait\\u00e9s.<\\\/p>\"}},{\"@type\":\"Question\",\"name\":\"Quelles informations dois-je vous fournir ?\",\"acceptedAnswer\":{\"@type\":\"Answer\",\"text\":\"<p>Lorsque vous remplissez le formulaire de contact, plus vous nous donnez de d\\u00e9tails, mieux c&#8217;est. Les objectifs de votre entreprise, sa culture et ce que vous esp\\u00e9rez retirer de l&#8217;\\u00e9v\\u00e9nement sont autant d&#8217;\\u00e9l\\u00e9ments utiles. Ces informations permettent \\u00e0 Michaela de\\u00a0<strong>adapter ses pr\\u00e9sentations \\u00e0 votre \\u00e9quipe, afin de rendre l&#8217;exp\\u00e9rience plus attrayante et utile.<\\\/strong><\\\/p>\"}},{\"@type\":\"Question\",\"name\":\"Y a-t-il des conditions pr\\u00e9alables ou un travail pr\\u00e9paratoire pour les participants ?\",\"acceptedAnswer\":{\"@type\":\"Answer\",\"text\":\"<p>Vous n&#8217;avez rien \\u00e0 faire avant d&#8217;assister \\u00e0 l&#8217;une des conf\\u00e9rences de Michaela. Vous pouvez leur parler des caract\\u00e9ristiques de l&#8217;\\u00e9v\\u00e9nement : atypique, interactif et motivant. Cela ne fera qu&#8217;attiser leur curiosit\\u00e9.<\\\/p>\"}}]}<\/script>\n\t\t\t\t\t<\/div>\n\t\t\t\t\t\t<\/div>\n\t\t\t\t<\/div>\n\t\t\t\t<\/div>\n\t\t<div class=\"elementor-element elementor-element-1cc5764 e-con-full e-flex e-con e-child\" data-id=\"1cc5764\" data-element_type=\"container\" data-e-type=\"container\" id=\"keynotes\">\n\t\t\t\t<div class=\"elementor-element elementor-element-3a599d5 elementor-widget__width-inherit elementor-widget elementor-widget-heading\" data-id=\"3a599d5\" data-element_type=\"widget\" data-e-type=\"widget\" id=\"keynotes\" data-widget_type=\"heading.default\">\n\t\t\t\t<div class=\"elementor-widget-container\">\n\t\t\t\t\t<h2 class=\"elementor-heading-title elementor-size-default\">CONF\u00c9RENCES<\/h2>\t\t\t\t<\/div>\n\t\t\t\t<\/div>\n\t\t\t\t<div class=\"elementor-element elementor-element-0ae1685 elementor-widget__width-initial elementor-widget elementor-widget-accordion\" data-id=\"0ae1685\" data-element_type=\"widget\" data-e-type=\"widget\" data-widget_type=\"accordion.default\">\n\t\t\t\t<div class=\"elementor-widget-container\">\n\t\t\t\t\t\t\t<div class=\"elementor-accordion\">\n\t\t\t\t\t\t\t<div class=\"elementor-accordion-item\">\n\t\t\t\t\t<div id=\"elementor-tab-title-1141\" class=\"elementor-tab-title\" data-tab=\"1\" role=\"button\" aria-controls=\"elementor-tab-content-1141\" aria-expanded=\"false\">\n\t\t\t\t\t\t\t\t\t\t\t\t\t<span class=\"elementor-accordion-icon elementor-accordion-icon-right\" aria-hidden=\"true\">\n\t\t\t\t\t\t\t\t\t\t\t\t\t\t\t<span class=\"elementor-accordion-icon-closed\"><i class=\"fas fa-plus\"><\/i><\/span>\n\t\t\t\t\t\t\t\t<span class=\"elementor-accordion-icon-opened\"><i class=\"fas fa-minus\"><\/i><\/span>\n\t\t\t\t\t\t\t\t\t\t\t\t\t\t<\/span>\n\t\t\t\t\t\t\t\t\t\t\t\t<a class=\"elementor-accordion-title\" tabindex=\"0\">\u00c0 quoi ressemble une Keynote avec vous ?<\/a>\n\t\t\t\t\t<\/div>\n\t\t\t\t\t<div id=\"elementor-tab-content-1141\" class=\"elementor-tab-content elementor-clearfix\" data-tab=\"1\" role=\"region\" aria-labelledby=\"elementor-tab-title-1141\"><p>En choisissant Michaela, vous optez pour une\u00a0<strong>Un voyage inoubliable d&#8217;id\u00e9es, de cr\u00e9ativit\u00e9 et de transformation.<\/strong>\u00a0Ses sessions sont\u00a0<strong>immersif<\/strong>,\u00a0<strong>engageant<\/strong>\u00a0et con\u00e7u avec un m\u00e9lange de\u00a0<strong>des concepts qui font r\u00e9fl\u00e9chir et des \u00e9l\u00e9ments amusants<\/strong>. Michaela s&#8217;appuie sur son exp\u00e9rience pour proposer un contenu \u00e9ducatif dans un style ludique et interactif, garantissant non seulement une exp\u00e9rience m\u00e9morable, mais aussi des le\u00e7ons pratiques qui auront un impact durable sur vos \u00e9quipes.<\/p><\/div>\n\t\t\t\t<\/div>\n\t\t\t\t\t\t\t<div class=\"elementor-accordion-item\">\n\t\t\t\t\t<div id=\"elementor-tab-title-1142\" class=\"elementor-tab-title\" data-tab=\"2\" role=\"button\" aria-controls=\"elementor-tab-content-1142\" aria-expanded=\"false\">\n\t\t\t\t\t\t\t\t\t\t\t\t\t<span class=\"elementor-accordion-icon elementor-accordion-icon-right\" aria-hidden=\"true\">\n\t\t\t\t\t\t\t\t\t\t\t\t\t\t\t<span class=\"elementor-accordion-icon-closed\"><i class=\"fas fa-plus\"><\/i><\/span>\n\t\t\t\t\t\t\t\t<span class=\"elementor-accordion-icon-opened\"><i class=\"fas fa-minus\"><\/i><\/span>\n\t\t\t\t\t\t\t\t\t\t\t\t\t\t<\/span>\n\t\t\t\t\t\t\t\t\t\t\t\t<a class=\"elementor-accordion-title\" tabindex=\"0\">Quel est l'objectif d'une conf\u00e9rence ?<\/a>\n\t\t\t\t\t<\/div>\n\t\t\t\t\t<div id=\"elementor-tab-content-1142\" class=\"elementor-tab-content elementor-clearfix\" data-tab=\"2\" role=\"region\" aria-labelledby=\"elementor-tab-title-1142\"><p>Chaque Keynote est m\u00e9ticuleusement con\u00e7ue pour\u00a0<strong>r\u00e9pondre \u00e0 vos besoins sp\u00e9cifiques. <\/strong>L&#8217;objectif ultime est d&#8217;am\u00e9liorer la qualit\u00e9 de l&#8217;enseignement et de la formation. L&#8217;objectif final est de\u00a0<strong>inspirer<\/strong>,\u00a0<strong>responsabiliser<\/strong>\u00a0et\u00a0<strong>susciter un changement positif<\/strong>\u00a0au sein de votre organisation. Chaque session est con\u00e7ue sur mesure pour r\u00e9pondre \u00e0 vos d\u00e9fis et \u00e0 vos aspirations, garantissant ainsi une exp\u00e9rience significative et tr\u00e8s pertinente pour tous les participants.<\/p><\/div>\n\t\t\t\t<\/div>\n\t\t\t\t\t\t\t<div class=\"elementor-accordion-item\">\n\t\t\t\t\t<div id=\"elementor-tab-title-1143\" class=\"elementor-tab-title\" data-tab=\"3\" role=\"button\" aria-controls=\"elementor-tab-content-1143\" aria-expanded=\"false\">\n\t\t\t\t\t\t\t\t\t\t\t\t\t<span class=\"elementor-accordion-icon elementor-accordion-icon-right\" aria-hidden=\"true\">\n\t\t\t\t\t\t\t\t\t\t\t\t\t\t\t<span class=\"elementor-accordion-icon-closed\"><i class=\"fas fa-plus\"><\/i><\/span>\n\t\t\t\t\t\t\t\t<span class=\"elementor-accordion-icon-opened\"><i class=\"fas fa-minus\"><\/i><\/span>\n\t\t\t\t\t\t\t\t\t\t\t\t\t\t<\/span>\n\t\t\t\t\t\t\t\t\t\t\t\t<a class=\"elementor-accordion-title\" tabindex=\"0\">Quelle est la conf\u00e9rence la plus vendue ?<\/a>\n\t\t\t\t\t<\/div>\n\t\t\t\t\t<div id=\"elementor-tab-content-1143\" class=\"elementor-tab-content elementor-clearfix\" data-tab=\"3\" role=\"region\" aria-labelledby=\"elementor-tab-title-1143\"><p>Il n&#8217;y a aucun doute \u00e0 ce sujet,\u00a0<a href=\"https:\/\/michaela-merk.com\/fr\/keynotes\/#Leadership\"><strong><em>Leadership Excellence &#8211; Les 5 talents de l&#8217;intelligence relationnelle\u00a0<\/em><\/strong><\/a><em>c&#8217;est cela\u00a0<\/em>le best-seller de l&#8217;ann\u00e9e 2024. Qu&#8217;est-ce qui la rend unique ? Le contenu de cette conf\u00e9rence est bas\u00e9 sur plus de 300 entretiens avec des PDG de soci\u00e9t\u00e9s de luxe et des experts en leadership et en vente. Il s&#8217;agit d&#8217;un guide pratique contenant des tactiques que votre \u00e9quipe peut appliquer d\u00e8s aujourd&#8217;hui et qui ont un impact positif sur les ventes.<\/p><\/div>\n\t\t\t\t<\/div>\n\t\t\t\t\t\t\t<div class=\"elementor-accordion-item\">\n\t\t\t\t\t<div id=\"elementor-tab-title-1144\" class=\"elementor-tab-title\" data-tab=\"4\" role=\"button\" aria-controls=\"elementor-tab-content-1144\" aria-expanded=\"false\">\n\t\t\t\t\t\t\t\t\t\t\t\t\t<span class=\"elementor-accordion-icon elementor-accordion-icon-right\" aria-hidden=\"true\">\n\t\t\t\t\t\t\t\t\t\t\t\t\t\t\t<span class=\"elementor-accordion-icon-closed\"><i class=\"fas fa-plus\"><\/i><\/span>\n\t\t\t\t\t\t\t\t<span class=\"elementor-accordion-icon-opened\"><i class=\"fas fa-minus\"><\/i><\/span>\n\t\t\t\t\t\t\t\t\t\t\t\t\t\t<\/span>\n\t\t\t\t\t\t\t\t\t\t\t\t<a class=\"elementor-accordion-title\" tabindex=\"0\">Quels sont les r\u00e9sultats attendus ?<\/a>\n\t\t\t\t\t<\/div>\n\t\t\t\t\t<div id=\"elementor-tab-content-1144\" class=\"elementor-tab-content elementor-clearfix\" data-tab=\"4\" role=\"region\" aria-labelledby=\"elementor-tab-title-1144\"><p>Les r\u00e9sultats d&#8217;une conf\u00e9rence sont aussi uniques que le contenu lui-m\u00eame. Cependant, vous pouvez vous attendre \u00e0 ce que votre \u00e9quipe soit\u00a0<strong>\u00e9nergis\u00e9s, motiv\u00e9s et dot\u00e9s d&#8217;id\u00e9es et de strat\u00e9gies novatrices pour relever les d\u00e9fis et saisir les opportunit\u00e9s qui se pr\u00e9senteront \u00e0 l&#8217;avenir.\u00a0<\/strong>De plus, les id\u00e9es et les techniques que Michaela partage sont con\u00e7ues pour favoriser la croissance \u00e0 long terme, en am\u00e9liorant les comp\u00e9tences individuelles et les performances collectives au fil du temps.<\/p><\/div>\n\t\t\t\t<\/div>\n\t\t\t\t\t\t\t<div class=\"elementor-accordion-item\">\n\t\t\t\t\t<div id=\"elementor-tab-title-1145\" class=\"elementor-tab-title\" data-tab=\"5\" role=\"button\" aria-controls=\"elementor-tab-content-1145\" aria-expanded=\"false\">\n\t\t\t\t\t\t\t\t\t\t\t\t\t<span class=\"elementor-accordion-icon elementor-accordion-icon-right\" aria-hidden=\"true\">\n\t\t\t\t\t\t\t\t\t\t\t\t\t\t\t<span class=\"elementor-accordion-icon-closed\"><i class=\"fas fa-plus\"><\/i><\/span>\n\t\t\t\t\t\t\t\t<span class=\"elementor-accordion-icon-opened\"><i class=\"fas fa-minus\"><\/i><\/span>\n\t\t\t\t\t\t\t\t\t\t\t\t\t\t<\/span>\n\t\t\t\t\t\t\t\t\t\t\t\t<a class=\"elementor-accordion-title\" tabindex=\"0\">\u00c0 quelles entreprises s'adressent vos conf\u00e9rences ?<\/a>\n\t\t\t\t\t<\/div>\n\t\t\t\t\t<div id=\"elementor-tab-content-1145\" class=\"elementor-tab-content elementor-clearfix\" data-tab=\"5\" role=\"region\" aria-labelledby=\"elementor-tab-title-1145\"><p>Alors que Michaela apporte une richesse de\u00a0<strong>l&#8217;expertise du secteur du luxe<\/strong>Les principes de leadership, d&#8217;intelligence relationnelle et d&#8217;exp\u00e9rience client qu&#8217;elle partage sont universellement applicables. Que vous soyez dans le secteur de la technologie, de l&#8217;automobile, de l&#8217;a\u00e9rospatiale ou de tout autre secteur, ses conf\u00e9rences sont adapt\u00e9es \u00e0 vos besoins. Elle s&#8217;engage \u00e0\u00a0<strong>en fournissant des informations pr\u00e9cieuses qui r\u00e9sonnent avec votre entreprise, votre culture et votre secteur, pour des r\u00e9sultats imm\u00e9diats et durables.<\/strong><\/p><\/div>\n\t\t\t\t<\/div>\n\t\t\t\t\t\t\t<div class=\"elementor-accordion-item\">\n\t\t\t\t\t<div id=\"elementor-tab-title-1146\" class=\"elementor-tab-title\" data-tab=\"6\" role=\"button\" aria-controls=\"elementor-tab-content-1146\" aria-expanded=\"false\">\n\t\t\t\t\t\t\t\t\t\t\t\t\t<span class=\"elementor-accordion-icon elementor-accordion-icon-right\" aria-hidden=\"true\">\n\t\t\t\t\t\t\t\t\t\t\t\t\t\t\t<span class=\"elementor-accordion-icon-closed\"><i class=\"fas fa-plus\"><\/i><\/span>\n\t\t\t\t\t\t\t\t<span class=\"elementor-accordion-icon-opened\"><i class=\"fas fa-minus\"><\/i><\/span>\n\t\t\t\t\t\t\t\t\t\t\t\t\t\t<\/span>\n\t\t\t\t\t\t\t\t\t\t\t\t<a class=\"elementor-accordion-title\" tabindex=\"0\">Quels sont les pays dans lesquels vous organisez des conf\u00e9rences ?<\/a>\n\t\t\t\t\t<\/div>\n\t\t\t\t\t<div id=\"elementor-tab-content-1146\" class=\"elementor-tab-content elementor-clearfix\" data-tab=\"6\" role=\"region\" aria-labelledby=\"elementor-tab-title-1146\"><p><strong>50% de nos conf\u00e9rences sont diffus\u00e9es \u00e0 l&#8217;\u00e9chelle internationale.<\/strong>\u00a0Michaela adore se confronter aux cultures internationales, en fran\u00e7ais, en anglais ou en allemand, selon vos pr\u00e9f\u00e9rences. Son expertise a profit\u00e9 \u00e0 de nombreux leaders internationaux, notamment Jimmy Choo (USA), La Prairie (Suisse) et Deloitte (Autriche).<\/p><\/div>\n\t\t\t\t<\/div>\n\t\t\t\t\t\t\t<div class=\"elementor-accordion-item\">\n\t\t\t\t\t<div id=\"elementor-tab-title-1147\" class=\"elementor-tab-title\" data-tab=\"7\" role=\"button\" aria-controls=\"elementor-tab-content-1147\" aria-expanded=\"false\">\n\t\t\t\t\t\t\t\t\t\t\t\t\t<span class=\"elementor-accordion-icon elementor-accordion-icon-right\" aria-hidden=\"true\">\n\t\t\t\t\t\t\t\t\t\t\t\t\t\t\t<span class=\"elementor-accordion-icon-closed\"><i class=\"fas fa-plus\"><\/i><\/span>\n\t\t\t\t\t\t\t\t<span class=\"elementor-accordion-icon-opened\"><i class=\"fas fa-minus\"><\/i><\/span>\n\t\t\t\t\t\t\t\t\t\t\t\t\t\t<\/span>\n\t\t\t\t\t\t\t\t\t\t\t\t<a class=\"elementor-accordion-title\" tabindex=\"0\">Pouvez-vous organiser des conf\u00e9rences virtuelles via Teams, Zoom ou Google Meet ?<\/a>\n\t\t\t\t\t<\/div>\n\t\t\t\t\t<div id=\"elementor-tab-content-1147\" class=\"elementor-tab-content elementor-clearfix\" data-tab=\"7\" role=\"region\" aria-labelledby=\"elementor-tab-title-1147\"><p>Depuis COVID, les conf\u00e9rences virtuelles sont un format de conf\u00e9rence disponible. Cependant, si vous souhaitez maximiser l&#8217;impact de la conf\u00e9rence et offrir \u00e0 vos employ\u00e9s un moment m\u00e9morable,\u00a0<strong>nous vous recommandons vivement de faire de votre mieux pour assister \u00e0 la conf\u00e9rence en personne<\/strong>. Les performances de Michaela sont\u00a0<strong>interactif<\/strong>\u00a0et la sc\u00e8ne de pr\u00e9sentation\u00a0<strong>acrobatie<\/strong>, le lancer d&#8217;objets et\u00a0<strong>l&#8217;attrait du public<\/strong>.<\/p><\/div>\n\t\t\t\t<\/div>\n\t\t\t\t\t\t\t<div class=\"elementor-accordion-item\">\n\t\t\t\t\t<div id=\"elementor-tab-title-1148\" class=\"elementor-tab-title\" data-tab=\"8\" role=\"button\" aria-controls=\"elementor-tab-content-1148\" aria-expanded=\"false\">\n\t\t\t\t\t\t\t\t\t\t\t\t\t<span class=\"elementor-accordion-icon elementor-accordion-icon-right\" aria-hidden=\"true\">\n\t\t\t\t\t\t\t\t\t\t\t\t\t\t\t<span class=\"elementor-accordion-icon-closed\"><i class=\"fas fa-plus\"><\/i><\/span>\n\t\t\t\t\t\t\t\t<span class=\"elementor-accordion-icon-opened\"><i class=\"fas fa-minus\"><\/i><\/span>\n\t\t\t\t\t\t\t\t\t\t\t\t\t\t<\/span>\n\t\t\t\t\t\t\t\t\t\t\t\t<a class=\"elementor-accordion-title\" tabindex=\"0\">Quels sont vos tarifs pour les conf\u00e9rences ?<\/a>\n\t\t\t\t\t<\/div>\n\t\t\t\t\t<div id=\"elementor-tab-content-1148\" class=\"elementor-tab-content elementor-clearfix\" data-tab=\"8\" role=\"region\" aria-labelledby=\"elementor-tab-title-1148\"><p>Les honoraires de Michaela commencent \u00e0 8 000 euros pour les conf\u00e9rences en France et \u00e0 12 000 euros pour les conf\u00e9rences internationales. Le co\u00fbt final peut varier en fonction de la formule choisie et du pays dans lequel se d\u00e9roule la conf\u00e9rence.<\/p><\/div>\n\t\t\t\t<\/div>\n\t\t\t\t\t\t\t<div class=\"elementor-accordion-item\">\n\t\t\t\t\t<div id=\"elementor-tab-title-1149\" class=\"elementor-tab-title\" data-tab=\"9\" role=\"button\" aria-controls=\"elementor-tab-content-1149\" aria-expanded=\"false\">\n\t\t\t\t\t\t\t\t\t\t\t\t\t<span class=\"elementor-accordion-icon elementor-accordion-icon-right\" aria-hidden=\"true\">\n\t\t\t\t\t\t\t\t\t\t\t\t\t\t\t<span class=\"elementor-accordion-icon-closed\"><i class=\"fas fa-plus\"><\/i><\/span>\n\t\t\t\t\t\t\t\t<span class=\"elementor-accordion-icon-opened\"><i class=\"fas fa-minus\"><\/i><\/span>\n\t\t\t\t\t\t\t\t\t\t\t\t\t\t<\/span>\n\t\t\t\t\t\t\t\t\t\t\t\t<a class=\"elementor-accordion-title\" tabindex=\"0\">Comment pouvons-nous int\u00e9grer les enseignements tir\u00e9s de vos conf\u00e9rences dans nos programmes de formation et de d\u00e9veloppement ?<\/a>\n\t\t\t\t\t<\/div>\n\t\t\t\t\t<div id=\"elementor-tab-content-1149\" class=\"elementor-tab-content elementor-clearfix\" data-tab=\"9\" role=\"region\" aria-labelledby=\"elementor-tab-title-1149\"><p>De nombreux clients estiment que\u00a0<strong>la meilleure fa\u00e7on d&#8217;int\u00e9grer les enseignements cl\u00e9s<\/strong>\u00a0des conf\u00e9rences est d&#8217;opter pour la\u00a0<strong>Pack complet avec Keynote + Atelier +\u00a0<\/strong><a href=\"https:\/\/www.amazon.fr\/Luxury-Sales-Force-Management-Ambassadors\/dp\/B01A65P02G\" target=\"_blank\" rel=\"noopener\"><strong>&#8220;Livre &#8220;Luxury Salesforce Management<\/strong><\/a><strong>.\u00a0<\/strong>Ce pack complet est optimal pour un impact durable : \u00e0 court terme (keynote), \u00e0 moyen terme (atelier) et \u00e0 long terme (livre). Nous vous invitons \u00e0 choisir la formule qui vous convient le mieux et qui r\u00e9pond le mieux \u00e0 vos besoins. En parall\u00e8le, nous proposons un\u00a0<strong>une vari\u00e9t\u00e9 de ressources dans notre e-shop<\/strong>\u00a0qui peuvent compl\u00e9ter vos programmes de formation existants, en fournissant un contenu alternatif facile \u00e0 mettre en \u0153uvre pour former votre prochaine g\u00e9n\u00e9ration de dirigeants.<\/p><\/div>\n\t\t\t\t<\/div>\n\t\t\t\t\t\t\t<div class=\"elementor-accordion-item\">\n\t\t\t\t\t<div id=\"elementor-tab-title-11410\" class=\"elementor-tab-title\" data-tab=\"10\" role=\"button\" aria-controls=\"elementor-tab-content-11410\" aria-expanded=\"false\">\n\t\t\t\t\t\t\t\t\t\t\t\t\t<span class=\"elementor-accordion-icon elementor-accordion-icon-right\" aria-hidden=\"true\">\n\t\t\t\t\t\t\t\t\t\t\t\t\t\t\t<span class=\"elementor-accordion-icon-closed\"><i class=\"fas fa-plus\"><\/i><\/span>\n\t\t\t\t\t\t\t\t<span class=\"elementor-accordion-icon-opened\"><i class=\"fas fa-minus\"><\/i><\/span>\n\t\t\t\t\t\t\t\t\t\t\t\t\t\t<\/span>\n\t\t\t\t\t\t\t\t\t\t\t\t<a class=\"elementor-accordion-title\" tabindex=\"0\">Pouvez-vous fournir des r\u00e9f\u00e9rences ou des t\u00e9moignages d'autres organisations qui ont r\u00e9serv\u00e9 vos conf\u00e9rences ?<\/a>\n\t\t\t\t\t<\/div>\n\t\t\t\t\t<div id=\"elementor-tab-content-11410\" class=\"elementor-tab-content elementor-clearfix\" data-tab=\"10\" role=\"region\" aria-labelledby=\"elementor-tab-title-11410\"><p>Oui, vous pouvez trouver des t\u00e9moignages d&#8217;organisations qui ont b\u00e9n\u00e9fici\u00e9 des conf\u00e9rences de Michaela dans la section &#8220;highlight&#8221; de son site web.\u00a0<a href=\"https:\/\/instagram.com\/michaelamerk?igshid=NGVhN2U2NjQ0Yg==\" target=\"_blank\" rel=\"noopener\"><strong>Page Instagram<\/strong><\/a>\u00a0ou dans le\u00a0<a href=\"https:\/\/michaela-merk.com\/fr\/clients\/\"><strong>section &#8220;clients&#8221; du site web<\/strong><\/a>. Nombre de ces t\u00e9moignages proviennent de\u00a0<strong>les principaux acteurs du secteur du luxe <\/strong>qui est le domaine d&#8217;expertise de Michaela.<\/p><\/div>\n\t\t\t\t<\/div>\n\t\t\t\t\t\t\t\t\t\t<script type=\"application\/ld+json\">{\"@context\":\"https:\\\/\\\/schema.org\",\"@type\":\"FAQPage\",\"mainEntity\":[{\"@type\":\"Question\",\"name\":\"\\u00c0 quoi ressemble une Keynote avec vous ?\",\"acceptedAnswer\":{\"@type\":\"Answer\",\"text\":\"<p>En choisissant Michaela, vous optez pour une\\u00a0<strong>Un voyage inoubliable d&#8217;id\\u00e9es, de cr\\u00e9ativit\\u00e9 et de transformation.<\\\/strong>\\u00a0Ses sessions sont\\u00a0<strong>immersif<\\\/strong>,\\u00a0<strong>engageant<\\\/strong>\\u00a0et con\\u00e7u avec un m\\u00e9lange de\\u00a0<strong>des concepts qui font r\\u00e9fl\\u00e9chir et des \\u00e9l\\u00e9ments amusants<\\\/strong>. Michaela s&#8217;appuie sur son exp\\u00e9rience pour proposer un contenu \\u00e9ducatif dans un style ludique et interactif, garantissant non seulement une exp\\u00e9rience m\\u00e9morable, mais aussi des le\\u00e7ons pratiques qui auront un impact durable sur vos \\u00e9quipes.<\\\/p>\"}},{\"@type\":\"Question\",\"name\":\"Quel est l'objectif d'une conf\\u00e9rence ?\",\"acceptedAnswer\":{\"@type\":\"Answer\",\"text\":\"<p>Chaque Keynote est m\\u00e9ticuleusement con\\u00e7ue pour\\u00a0<strong>r\\u00e9pondre \\u00e0 vos besoins sp\\u00e9cifiques. <\\\/strong>L&#8217;objectif ultime est d&#8217;am\\u00e9liorer la qualit\\u00e9 de l&#8217;enseignement et de la formation. L&#8217;objectif final est de\\u00a0<strong>inspirer<\\\/strong>,\\u00a0<strong>responsabiliser<\\\/strong>\\u00a0et\\u00a0<strong>susciter un changement positif<\\\/strong>\\u00a0au sein de votre organisation. Chaque session est con\\u00e7ue sur mesure pour r\\u00e9pondre \\u00e0 vos d\\u00e9fis et \\u00e0 vos aspirations, garantissant ainsi une exp\\u00e9rience significative et tr\\u00e8s pertinente pour tous les participants.<\\\/p>\"}},{\"@type\":\"Question\",\"name\":\"Quelle est la conf\\u00e9rence la plus vendue ?\",\"acceptedAnswer\":{\"@type\":\"Answer\",\"text\":\"<p>Il n&#8217;y a aucun doute \\u00e0 ce sujet,\\u00a0<a href=\\\"https:\\\/\\\/michaela-merk.com\\\/fr\\\/keynotes\\\/#Leadership\\\"><strong><em>Leadership Excellence &#8211; Les 5 talents de l&#8217;intelligence relationnelle\\u00a0<\\\/em><\\\/strong><\\\/a><em>c&#8217;est cela\\u00a0<\\\/em>le best-seller de l&#8217;ann\\u00e9e 2024. Qu&#8217;est-ce qui la rend unique ? Le contenu de cette conf\\u00e9rence est bas\\u00e9 sur plus de 300 entretiens avec des PDG de soci\\u00e9t\\u00e9s de luxe et des experts en leadership et en vente. Il s&#8217;agit d&#8217;un guide pratique contenant des tactiques que votre \\u00e9quipe peut appliquer d\\u00e8s aujourd&#8217;hui et qui ont un impact positif sur les ventes.<\\\/p>\"}},{\"@type\":\"Question\",\"name\":\"Quels sont les r\\u00e9sultats attendus ?\",\"acceptedAnswer\":{\"@type\":\"Answer\",\"text\":\"<p>Les r\\u00e9sultats d&#8217;une conf\\u00e9rence sont aussi uniques que le contenu lui-m\\u00eame. Cependant, vous pouvez vous attendre \\u00e0 ce que votre \\u00e9quipe soit\\u00a0<strong>\\u00e9nergis\\u00e9s, motiv\\u00e9s et dot\\u00e9s d&#8217;id\\u00e9es et de strat\\u00e9gies novatrices pour relever les d\\u00e9fis et saisir les opportunit\\u00e9s qui se pr\\u00e9senteront \\u00e0 l&#8217;avenir.\\u00a0<\\\/strong>De plus, les id\\u00e9es et les techniques que Michaela partage sont con\\u00e7ues pour favoriser la croissance \\u00e0 long terme, en am\\u00e9liorant les comp\\u00e9tences individuelles et les performances collectives au fil du temps.<\\\/p>\"}},{\"@type\":\"Question\",\"name\":\"\\u00c0 quelles entreprises s'adressent vos conf\\u00e9rences ?\",\"acceptedAnswer\":{\"@type\":\"Answer\",\"text\":\"<p>Alors que Michaela apporte une richesse de\\u00a0<strong>l&#8217;expertise du secteur du luxe<\\\/strong>Les principes de leadership, d&#8217;intelligence relationnelle et d&#8217;exp\\u00e9rience client qu&#8217;elle partage sont universellement applicables. Que vous soyez dans le secteur de la technologie, de l&#8217;automobile, de l&#8217;a\\u00e9rospatiale ou de tout autre secteur, ses conf\\u00e9rences sont adapt\\u00e9es \\u00e0 vos besoins. Elle s&#8217;engage \\u00e0\\u00a0<strong>en fournissant des informations pr\\u00e9cieuses qui r\\u00e9sonnent avec votre entreprise, votre culture et votre secteur, pour des r\\u00e9sultats imm\\u00e9diats et durables.<\\\/strong><\\\/p>\"}},{\"@type\":\"Question\",\"name\":\"Quels sont les pays dans lesquels vous organisez des conf\\u00e9rences ?\",\"acceptedAnswer\":{\"@type\":\"Answer\",\"text\":\"<p><strong>50% de nos conf\\u00e9rences sont diffus\\u00e9es \\u00e0 l&#8217;\\u00e9chelle internationale.<\\\/strong>\\u00a0Michaela adore se confronter aux cultures internationales, en fran\\u00e7ais, en anglais ou en allemand, selon vos pr\\u00e9f\\u00e9rences. Son expertise a profit\\u00e9 \\u00e0 de nombreux leaders internationaux, notamment Jimmy Choo (USA), La Prairie (Suisse) et Deloitte (Autriche).<\\\/p>\"}},{\"@type\":\"Question\",\"name\":\"Pouvez-vous organiser des conf\\u00e9rences virtuelles via Teams, Zoom ou Google Meet ?\",\"acceptedAnswer\":{\"@type\":\"Answer\",\"text\":\"<p>Depuis COVID, les conf\\u00e9rences virtuelles sont un format de conf\\u00e9rence disponible. Cependant, si vous souhaitez maximiser l&#8217;impact de la conf\\u00e9rence et offrir \\u00e0 vos employ\\u00e9s un moment m\\u00e9morable,\\u00a0<strong>nous vous recommandons vivement de faire de votre mieux pour assister \\u00e0 la conf\\u00e9rence en personne<\\\/strong>. Les performances de Michaela sont\\u00a0<strong>interactif<\\\/strong>\\u00a0et la sc\\u00e8ne de pr\\u00e9sentation\\u00a0<strong>acrobatie<\\\/strong>, le lancer d&#8217;objets et\\u00a0<strong>l&#8217;attrait du public<\\\/strong>.<\\\/p>\"}},{\"@type\":\"Question\",\"name\":\"Quels sont vos tarifs pour les conf\\u00e9rences ?\",\"acceptedAnswer\":{\"@type\":\"Answer\",\"text\":\"<p>Les honoraires de Michaela commencent \\u00e0 8 000 euros pour les conf\\u00e9rences en France et \\u00e0 12 000 euros pour les conf\\u00e9rences internationales. Le co\\u00fbt final peut varier en fonction de la formule choisie et du pays dans lequel se d\\u00e9roule la conf\\u00e9rence.<\\\/p>\"}},{\"@type\":\"Question\",\"name\":\"Comment pouvons-nous int\\u00e9grer les enseignements tir\\u00e9s de vos conf\\u00e9rences dans nos programmes de formation et de d\\u00e9veloppement ?\",\"acceptedAnswer\":{\"@type\":\"Answer\",\"text\":\"<p>De nombreux clients estiment que\\u00a0<strong>la meilleure fa\\u00e7on d&#8217;int\\u00e9grer les enseignements cl\\u00e9s<\\\/strong>\\u00a0des conf\\u00e9rences est d&#8217;opter pour la\\u00a0<strong>Pack complet avec Keynote + Atelier +\\u00a0<\\\/strong><a href=\\\"https:\\\/\\\/www.amazon.fr\\\/Luxury-Sales-Force-Management-Ambassadors\\\/dp\\\/B01A65P02G\\\"><strong>&#8220;Livre &#8220;Luxury Salesforce Management<\\\/strong><\\\/a><strong>.\\u00a0<\\\/strong>Ce pack complet est optimal pour un impact durable : \\u00e0 court terme (keynote), \\u00e0 moyen terme (atelier) et \\u00e0 long terme (livre). Nous vous invitons \\u00e0 choisir la formule qui vous convient le mieux et qui r\\u00e9pond le mieux \\u00e0 vos besoins. En parall\\u00e8le, nous proposons un\\u00a0<strong>une vari\\u00e9t\\u00e9 de ressources dans notre e-shop<\\\/strong>\\u00a0qui peuvent compl\\u00e9ter vos programmes de formation existants, en fournissant un contenu alternatif facile \\u00e0 mettre en \\u0153uvre pour former votre prochaine g\\u00e9n\\u00e9ration de dirigeants.<\\\/p>\"}},{\"@type\":\"Question\",\"name\":\"Pouvez-vous fournir des r\\u00e9f\\u00e9rences ou des t\\u00e9moignages d'autres organisations qui ont r\\u00e9serv\\u00e9 vos conf\\u00e9rences ?\",\"acceptedAnswer\":{\"@type\":\"Answer\",\"text\":\"<p>Oui, vous pouvez trouver des t\\u00e9moignages d&#8217;organisations qui ont b\\u00e9n\\u00e9fici\\u00e9 des conf\\u00e9rences de Michaela dans la section &#8220;highlight&#8221; de son site web.\\u00a0<a href=\\\"https:\\\/\\\/instagram.com\\\/michaelamerk?igshid=NGVhN2U2NjQ0Yg==\\\"><strong>Page Instagram<\\\/strong><\\\/a>\\u00a0ou dans le\\u00a0<a href=\\\"https:\\\/\\\/michaela-merk.com\\\/fr\\\/clients\\\/\\\"><strong>section &#8220;clients&#8221; du site web<\\\/strong><\\\/a>. Nombre de ces t\\u00e9moignages proviennent de\\u00a0<strong>les principaux acteurs du secteur du luxe <\\\/strong>qui est le domaine d&#8217;expertise de Michaela.<\\\/p>\"}}]}<\/script>\n\t\t\t\t\t<\/div>\n\t\t\t\t\t\t<\/div>\n\t\t\t\t<\/div>\n\t\t\t\t<\/div>\n\t\t<div class=\"elementor-element elementor-element-81def3c e-con-full e-flex e-con e-child\" data-id=\"81def3c\" data-element_type=\"container\" data-e-type=\"container\" id=\"workshops\">\n\t\t\t\t<div class=\"elementor-element elementor-element-6288112 elementor-widget__width-inherit elementor-widget elementor-widget-heading\" data-id=\"6288112\" data-element_type=\"widget\" data-e-type=\"widget\" id=\"workshop\" data-widget_type=\"heading.default\">\n\t\t\t\t<div class=\"elementor-widget-container\">\n\t\t\t\t\t<h2 class=\"elementor-heading-title elementor-size-default\">ATELIERS<\/h2>\t\t\t\t<\/div>\n\t\t\t\t<\/div>\n\t\t\t\t<div class=\"elementor-element elementor-element-e6a11e0 elementor-widget__width-initial elementor-widget elementor-widget-accordion\" data-id=\"e6a11e0\" data-element_type=\"widget\" data-e-type=\"widget\" data-widget_type=\"accordion.default\">\n\t\t\t\t<div class=\"elementor-widget-container\">\n\t\t\t\t\t\t\t<div class=\"elementor-accordion\">\n\t\t\t\t\t\t\t<div class=\"elementor-accordion-item\">\n\t\t\t\t\t<div id=\"elementor-tab-title-2411\" class=\"elementor-tab-title\" data-tab=\"1\" role=\"button\" aria-controls=\"elementor-tab-content-2411\" aria-expanded=\"false\">\n\t\t\t\t\t\t\t\t\t\t\t\t\t<span class=\"elementor-accordion-icon elementor-accordion-icon-right\" aria-hidden=\"true\">\n\t\t\t\t\t\t\t\t\t\t\t\t\t\t\t<span class=\"elementor-accordion-icon-closed\"><i class=\"fas fa-plus\"><\/i><\/span>\n\t\t\t\t\t\t\t\t<span class=\"elementor-accordion-icon-opened\"><i class=\"fas fa-minus\"><\/i><\/span>\n\t\t\t\t\t\t\t\t\t\t\t\t\t\t<\/span>\n\t\t\t\t\t\t\t\t\t\t\t\t<a class=\"elementor-accordion-title\" tabindex=\"0\">Quelle est la dur\u00e9e d'un atelier ?<\/a>\n\t\t\t\t\t<\/div>\n\t\t\t\t\t<div id=\"elementor-tab-content-2411\" class=\"elementor-tab-content elementor-clearfix\" data-tab=\"1\" role=\"region\" aria-labelledby=\"elementor-tab-title-2411\"><p>Nos ateliers sont flexibles pour s&#8217;adapter \u00e0 vos besoins. Ils peuvent durer une demi-journ\u00e9e pour une immersion rapide ou une session plus approfondie de deux jours, ce que nos partenaires pr\u00e9f\u00e8rent souvent. Le format plus long permet une exploration compl\u00e8te et une compr\u00e9hension solide des concepts introduits pendant la conf\u00e9rence. Bien entendu,\u00a0<strong>nous adaptons toujours la dur\u00e9e et le contenu \u00e0 vos besoins sp\u00e9cifiques.<\/strong><\/p><\/div>\n\t\t\t\t<\/div>\n\t\t\t\t\t\t\t<div class=\"elementor-accordion-item\">\n\t\t\t\t\t<div id=\"elementor-tab-title-2412\" class=\"elementor-tab-title\" data-tab=\"2\" role=\"button\" aria-controls=\"elementor-tab-content-2412\" aria-expanded=\"false\">\n\t\t\t\t\t\t\t\t\t\t\t\t\t<span class=\"elementor-accordion-icon elementor-accordion-icon-right\" aria-hidden=\"true\">\n\t\t\t\t\t\t\t\t\t\t\t\t\t\t\t<span class=\"elementor-accordion-icon-closed\"><i class=\"fas fa-plus\"><\/i><\/span>\n\t\t\t\t\t\t\t\t<span class=\"elementor-accordion-icon-opened\"><i class=\"fas fa-minus\"><\/i><\/span>\n\t\t\t\t\t\t\t\t\t\t\t\t\t\t<\/span>\n\t\t\t\t\t\t\t\t\t\t\t\t<a class=\"elementor-accordion-title\" tabindex=\"0\">Combien de personnes peuvent participer \u00e0 vos ateliers ?<\/a>\n\t\t\t\t\t<\/div>\n\t\t\t\t\t<div id=\"elementor-tab-content-2412\" class=\"elementor-tab-content elementor-clearfix\" data-tab=\"2\" role=\"region\" aria-labelledby=\"elementor-tab-title-2412\"><p>Bien que nous ne fixions pas de limites strictes, nous estimons que les sessions de\u00a0<strong>moins de 50 personnes sont g\u00e9n\u00e9ralement mieux adapt\u00e9es \u00e0 ce format. <\/strong>La formation peut \u00eatre adapt\u00e9e \u00e0 vos besoins et \u00e0 la taille de votre \u00e9quipe, en particulier pour les deux nouveaux th\u00e8mes publi\u00e9s cette ann\u00e9e, qui mettent en \u0153uvre des concepts avanc\u00e9s et approfondis (Leadership &#8211; Ascension vers l&#8217;excellence \/ Vente &#8211; Embrasser la rigueur). Cependant, nous pouvons toujours nous adapter \u00e0 vos besoins et \u00e0 la taille de votre \u00e9quipe.<\/p><\/div>\n\t\t\t\t<\/div>\n\t\t\t\t\t\t\t<div class=\"elementor-accordion-item\">\n\t\t\t\t\t<div id=\"elementor-tab-title-2413\" class=\"elementor-tab-title\" data-tab=\"3\" role=\"button\" aria-controls=\"elementor-tab-content-2413\" aria-expanded=\"false\">\n\t\t\t\t\t\t\t\t\t\t\t\t\t<span class=\"elementor-accordion-icon elementor-accordion-icon-right\" aria-hidden=\"true\">\n\t\t\t\t\t\t\t\t\t\t\t\t\t\t\t<span class=\"elementor-accordion-icon-closed\"><i class=\"fas fa-plus\"><\/i><\/span>\n\t\t\t\t\t\t\t\t<span class=\"elementor-accordion-icon-opened\"><i class=\"fas fa-minus\"><\/i><\/span>\n\t\t\t\t\t\t\t\t\t\t\t\t\t\t<\/span>\n\t\t\t\t\t\t\t\t\t\t\t\t<a class=\"elementor-accordion-title\" tabindex=\"0\">A quoi servent les ateliers ?<\/a>\n\t\t\t\t\t<\/div>\n\t\t\t\t\t<div id=\"elementor-tab-content-2413\" class=\"elementor-tab-content elementor-clearfix\" data-tab=\"3\" role=\"region\" aria-labelledby=\"elementor-tab-title-2413\"><p><strong>Chaque conf\u00e9rence est accompagn\u00e9e d&#8217;un atelier.\u00a0<\/strong>Les ateliers renforcent consid\u00e9rablement l&#8217;impact des expos\u00e9s de Michaela. En travaillant avec les strat\u00e9gies et les concepts pr\u00e9sent\u00e9s lors de la conf\u00e9rence, les participants ont l&#8217;occasion de mettre en pratique ce qu&#8217;ils ont appris dans le cadre d&#8217;activit\u00e9s en petits groupes. Cet atelier\u00a0<strong>approfondit la compr\u00e9hension<\/strong>\u00a0et facilite l&#8217;int\u00e9gration de ces id\u00e9es dans leurs pratiques quotidiennes, que ce soit dans le monde professionnel ou personnel.<\/p><\/div>\n\t\t\t\t<\/div>\n\t\t\t\t\t\t\t<div class=\"elementor-accordion-item\">\n\t\t\t\t\t<div id=\"elementor-tab-title-2414\" class=\"elementor-tab-title\" data-tab=\"4\" role=\"button\" aria-controls=\"elementor-tab-content-2414\" aria-expanded=\"false\">\n\t\t\t\t\t\t\t\t\t\t\t\t\t<span class=\"elementor-accordion-icon elementor-accordion-icon-right\" aria-hidden=\"true\">\n\t\t\t\t\t\t\t\t\t\t\t\t\t\t\t<span class=\"elementor-accordion-icon-closed\"><i class=\"fas fa-plus\"><\/i><\/span>\n\t\t\t\t\t\t\t\t<span class=\"elementor-accordion-icon-opened\"><i class=\"fas fa-minus\"><\/i><\/span>\n\t\t\t\t\t\t\t\t\t\t\t\t\t\t<\/span>\n\t\t\t\t\t\t\t\t\t\t\t\t<a class=\"elementor-accordion-title\" tabindex=\"0\">Y a-t-il un suivi ou un soutien apr\u00e8s l'atelier ?<\/a>\n\t\t\t\t\t<\/div>\n\t\t\t\t\t<div id=\"elementor-tab-content-2414\" class=\"elementor-tab-content elementor-clearfix\" data-tab=\"4\" role=\"region\" aria-labelledby=\"elementor-tab-title-2414\"><p>Oui, en effet !\u00a0<strong>\u00c0 la fin de chaque atelier, les participants re\u00e7oivent un cahier d&#8217;exercices num\u00e9rique.<\/strong>\u00a0Cette ressource est con\u00e7ue pour renforcer les points cl\u00e9s de l&#8217;atelier et fournir des exercices suppl\u00e9mentaires pour approfondir la compr\u00e9hension du sujet. Il s&#8217;agit d&#8217;un guide pratique auquel les participants peuvent se r\u00e9f\u00e9rer pour int\u00e9grer ce qu&#8217;ils ont appris dans leur travail quotidien. De cette mani\u00e8re, l&#8217;atelier\u00a0<strong>les concepts et les strat\u00e9gies de l&#8217;atelier continueront \u00e0 avoir un impact positif<\/strong>\u00a0longtemps apr\u00e8s l&#8217;\u00e9v\u00e9nement lui-m\u00eame.<\/p><\/div>\n\t\t\t\t<\/div>\n\t\t\t\t\t\t\t<div class=\"elementor-accordion-item\">\n\t\t\t\t\t<div id=\"elementor-tab-title-2415\" class=\"elementor-tab-title\" data-tab=\"5\" role=\"button\" aria-controls=\"elementor-tab-content-2415\" aria-expanded=\"false\">\n\t\t\t\t\t\t\t\t\t\t\t\t\t<span class=\"elementor-accordion-icon elementor-accordion-icon-right\" aria-hidden=\"true\">\n\t\t\t\t\t\t\t\t\t\t\t\t\t\t\t<span class=\"elementor-accordion-icon-closed\"><i class=\"fas fa-plus\"><\/i><\/span>\n\t\t\t\t\t\t\t\t<span class=\"elementor-accordion-icon-opened\"><i class=\"fas fa-minus\"><\/i><\/span>\n\t\t\t\t\t\t\t\t\t\t\t\t\t\t<\/span>\n\t\t\t\t\t\t\t\t\t\t\t\t<a class=\"elementor-accordion-title\" tabindex=\"0\">Quels sont vos tarifs pour les ateliers ?<\/a>\n\t\t\t\t\t<\/div>\n\t\t\t\t\t<div id=\"elementor-tab-content-2415\" class=\"elementor-tab-content elementor-clearfix\" data-tab=\"5\" role=\"region\" aria-labelledby=\"elementor-tab-title-2415\"><p>Les honoraires de Michaela commencent \u00e0 5 000 euros pour les ateliers en France et \u00e0 8 000 euros pour les ateliers internationaux. Le co\u00fbt final peut varier en fonction de la formule choisie et du pays dans lequel se tient la conf\u00e9rence.<\/p><\/div>\n\t\t\t\t<\/div>\n\t\t\t\t\t\t\t\t\t\t<script type=\"application\/ld+json\">{\"@context\":\"https:\\\/\\\/schema.org\",\"@type\":\"FAQPage\",\"mainEntity\":[{\"@type\":\"Question\",\"name\":\"Quelle est la dur\\u00e9e d'un atelier ?\",\"acceptedAnswer\":{\"@type\":\"Answer\",\"text\":\"<p>Nos ateliers sont flexibles pour s&#8217;adapter \\u00e0 vos besoins. Ils peuvent durer une demi-journ\\u00e9e pour une immersion rapide ou une session plus approfondie de deux jours, ce que nos partenaires pr\\u00e9f\\u00e8rent souvent. Le format plus long permet une exploration compl\\u00e8te et une compr\\u00e9hension solide des concepts introduits pendant la conf\\u00e9rence. Bien entendu,\\u00a0<strong>nous adaptons toujours la dur\\u00e9e et le contenu \\u00e0 vos besoins sp\\u00e9cifiques.<\\\/strong><\\\/p>\"}},{\"@type\":\"Question\",\"name\":\"Combien de personnes peuvent participer \\u00e0 vos ateliers ?\",\"acceptedAnswer\":{\"@type\":\"Answer\",\"text\":\"<p>Bien que nous ne fixions pas de limites strictes, nous estimons que les sessions de\\u00a0<strong>moins de 50 personnes sont g\\u00e9n\\u00e9ralement mieux adapt\\u00e9es \\u00e0 ce format. <\\\/strong>La formation peut \\u00eatre adapt\\u00e9e \\u00e0 vos besoins et \\u00e0 la taille de votre \\u00e9quipe, en particulier pour les deux nouveaux th\\u00e8mes publi\\u00e9s cette ann\\u00e9e, qui mettent en \\u0153uvre des concepts avanc\\u00e9s et approfondis (Leadership &#8211; Ascension vers l&#8217;excellence \\\/ Vente &#8211; Embrasser la rigueur). Cependant, nous pouvons toujours nous adapter \\u00e0 vos besoins et \\u00e0 la taille de votre \\u00e9quipe.<\\\/p>\"}},{\"@type\":\"Question\",\"name\":\"A quoi servent les ateliers ?\",\"acceptedAnswer\":{\"@type\":\"Answer\",\"text\":\"<p><strong>Chaque conf\\u00e9rence est accompagn\\u00e9e d&#8217;un atelier.\\u00a0<\\\/strong>Les ateliers renforcent consid\\u00e9rablement l&#8217;impact des expos\\u00e9s de Michaela. En travaillant avec les strat\\u00e9gies et les concepts pr\\u00e9sent\\u00e9s lors de la conf\\u00e9rence, les participants ont l&#8217;occasion de mettre en pratique ce qu&#8217;ils ont appris dans le cadre d&#8217;activit\\u00e9s en petits groupes. Cet atelier\\u00a0<strong>approfondit la compr\\u00e9hension<\\\/strong>\\u00a0et facilite l&#8217;int\\u00e9gration de ces id\\u00e9es dans leurs pratiques quotidiennes, que ce soit dans le monde professionnel ou personnel.<\\\/p>\"}},{\"@type\":\"Question\",\"name\":\"Y a-t-il un suivi ou un soutien apr\\u00e8s l'atelier ?\",\"acceptedAnswer\":{\"@type\":\"Answer\",\"text\":\"<p>Oui, en effet !\\u00a0<strong>\\u00c0 la fin de chaque atelier, les participants re\\u00e7oivent un cahier d&#8217;exercices num\\u00e9rique.<\\\/strong>\\u00a0Cette ressource est con\\u00e7ue pour renforcer les points cl\\u00e9s de l&#8217;atelier et fournir des exercices suppl\\u00e9mentaires pour approfondir la compr\\u00e9hension du sujet. Il s&#8217;agit d&#8217;un guide pratique auquel les participants peuvent se r\\u00e9f\\u00e9rer pour int\\u00e9grer ce qu&#8217;ils ont appris dans leur travail quotidien. De cette mani\\u00e8re, l&#8217;atelier\\u00a0<strong>les concepts et les strat\\u00e9gies de l&#8217;atelier continueront \\u00e0 avoir un impact positif<\\\/strong>\\u00a0longtemps apr\\u00e8s l&#8217;\\u00e9v\\u00e9nement lui-m\\u00eame.<\\\/p>\"}},{\"@type\":\"Question\",\"name\":\"Quels sont vos tarifs pour les ateliers ?\",\"acceptedAnswer\":{\"@type\":\"Answer\",\"text\":\"<p>Les honoraires de Michaela commencent \\u00e0 5 000 euros pour les ateliers en France et \\u00e0 8 000 euros pour les ateliers internationaux. Le co\\u00fbt final peut varier en fonction de la formule choisie et du pays dans lequel se tient la conf\\u00e9rence.<\\\/p>\"}}]}<\/script>\n\t\t\t\t\t<\/div>\n\t\t\t\t\t\t<\/div>\n\t\t\t\t<\/div>\n\t\t\t\t<\/div>\n\t\t<div class=\"elementor-element elementor-element-8635228 e-con-full e-flex e-con e-child\" data-id=\"8635228\" data-element_type=\"container\" data-e-type=\"container\" id=\"coaching\">\n\t\t\t\t<div class=\"elementor-element elementor-element-f18bcd3 elementor-widget__width-inherit elementor-widget elementor-widget-heading\" data-id=\"f18bcd3\" data-element_type=\"widget\" data-e-type=\"widget\" id=\"coaching\" data-widget_type=\"heading.default\">\n\t\t\t\t<div class=\"elementor-widget-container\">\n\t\t\t\t\t<h2 class=\"elementor-heading-title elementor-size-default\">APPEL DE COACHING PRIV\u00c9 DE 30 MINUTES<\/h2>\t\t\t\t<\/div>\n\t\t\t\t<\/div>\n\t\t\t\t<div class=\"elementor-element elementor-element-2e36b6b elementor-widget__width-initial elementor-widget elementor-widget-accordion\" data-id=\"2e36b6b\" data-element_type=\"widget\" data-e-type=\"widget\" data-widget_type=\"accordion.default\">\n\t\t\t\t<div class=\"elementor-widget-container\">\n\t\t\t\t\t\t\t<div class=\"elementor-accordion\">\n\t\t\t\t\t\t\t<div class=\"elementor-accordion-item\">\n\t\t\t\t\t<div id=\"elementor-tab-title-4841\" class=\"elementor-tab-title\" data-tab=\"1\" role=\"button\" aria-controls=\"elementor-tab-content-4841\" aria-expanded=\"false\">\n\t\t\t\t\t\t\t\t\t\t\t\t\t<span class=\"elementor-accordion-icon elementor-accordion-icon-right\" aria-hidden=\"true\">\n\t\t\t\t\t\t\t\t\t\t\t\t\t\t\t<span class=\"elementor-accordion-icon-closed\"><i class=\"fas fa-plus\"><\/i><\/span>\n\t\t\t\t\t\t\t\t<span class=\"elementor-accordion-icon-opened\"><i class=\"fas fa-minus\"><\/i><\/span>\n\t\t\t\t\t\t\t\t\t\t\t\t\t\t<\/span>\n\t\t\t\t\t\t\t\t\t\t\t\t<a class=\"elementor-accordion-title\" tabindex=\"0\">\u00c0 qui s'adresse cet appel de coaching priv\u00e9 de 30 minutes ?<\/a>\n\t\t\t\t\t<\/div>\n\t\t\t\t\t<div id=\"elementor-tab-content-4841\" class=\"elementor-tab-content elementor-clearfix\" data-tab=\"1\" role=\"region\" aria-labelledby=\"elementor-tab-title-4841\"><p>Cet appel est destin\u00e9 \u00e0\u00a0<strong>toute personne souhaitant am\u00e9liorer ses comp\u00e9tences en mati\u00e8re de leadership,<\/strong>\u00a0des cadres experts aux jeunes leaders. Il s&#8217;adresse \u00e9galement aux amateurs de luxe, aux entrepreneurs qui r\u00e9fl\u00e9chissent \u00e0 des id\u00e9es commerciales et aux personnes qui se sentent bloqu\u00e9es dans leur vie personnelle ou professionnelle et qui cherchent \u00e0 y voir plus clair. Quel que soit votre stade de d\u00e9veloppement,\u00a0<strong>si vous \u00eates pr\u00eat \u00e0 \u00e9voluer et \u00e0 vous am\u00e9liorer, cet appel est fait pour vous.<\/strong><\/p><\/div>\n\t\t\t\t<\/div>\n\t\t\t\t\t\t\t<div class=\"elementor-accordion-item\">\n\t\t\t\t\t<div id=\"elementor-tab-title-4842\" class=\"elementor-tab-title\" data-tab=\"2\" role=\"button\" aria-controls=\"elementor-tab-content-4842\" aria-expanded=\"false\">\n\t\t\t\t\t\t\t\t\t\t\t\t\t<span class=\"elementor-accordion-icon elementor-accordion-icon-right\" aria-hidden=\"true\">\n\t\t\t\t\t\t\t\t\t\t\t\t\t\t\t<span class=\"elementor-accordion-icon-closed\"><i class=\"fas fa-plus\"><\/i><\/span>\n\t\t\t\t\t\t\t\t<span class=\"elementor-accordion-icon-opened\"><i class=\"fas fa-minus\"><\/i><\/span>\n\t\t\t\t\t\t\t\t\t\t\t\t\t\t<\/span>\n\t\t\t\t\t\t\t\t\t\t\t\t<a class=\"elementor-accordion-title\" tabindex=\"0\">Que puis-je attendre de l'appel de coaching priv\u00e9 de 30 minutes ?<\/a>\n\t\t\t\t\t<\/div>\n\t\t\t\t\t<div id=\"elementor-tab-content-4842\" class=\"elementor-tab-content elementor-clearfix\" data-tab=\"2\" role=\"region\" aria-labelledby=\"elementor-tab-title-4842\"><p>Cet appel est con\u00e7u pour r\u00e9pondre \u00e0 vos besoins &#8211; une conversation ouverte, un d\u00e9bat structur\u00e9 ou une session de conseil cibl\u00e9e. Nous aborderons vos d\u00e9fis de front, \u00e9changerons nos points de vue et r\u00e9fl\u00e9chirons \u00e0 des solutions potentielles pour vous guider vers vos objectifs. C&#8217;est un dialogue fluide qui vous laissera motiv\u00e9 et inspir\u00e9. Nous sommes l\u00e0 pour travailler ensemble et d\u00e9couvrir des strat\u00e9gies qui simplifieront votre parcours.<\/p><\/div>\n\t\t\t\t<\/div>\n\t\t\t\t\t\t\t<div class=\"elementor-accordion-item\">\n\t\t\t\t\t<div id=\"elementor-tab-title-4843\" class=\"elementor-tab-title\" data-tab=\"3\" role=\"button\" aria-controls=\"elementor-tab-content-4843\" aria-expanded=\"false\">\n\t\t\t\t\t\t\t\t\t\t\t\t\t<span class=\"elementor-accordion-icon elementor-accordion-icon-right\" aria-hidden=\"true\">\n\t\t\t\t\t\t\t\t\t\t\t\t\t\t\t<span class=\"elementor-accordion-icon-closed\"><i class=\"fas fa-plus\"><\/i><\/span>\n\t\t\t\t\t\t\t\t<span class=\"elementor-accordion-icon-opened\"><i class=\"fas fa-minus\"><\/i><\/span>\n\t\t\t\t\t\t\t\t\t\t\t\t\t\t<\/span>\n\t\t\t\t\t\t\t\t\t\t\t\t<a class=\"elementor-accordion-title\" tabindex=\"0\">Comment dois-je me pr\u00e9parer \u00e0 l'appel ?<\/a>\n\t\t\t\t\t<\/div>\n\t\t\t\t\t<div id=\"elementor-tab-content-4843\" class=\"elementor-tab-content elementor-clearfix\" data-tab=\"3\" role=\"region\" aria-labelledby=\"elementor-tab-title-4843\"><p>Pour tirer le meilleur parti de votre appel avec Michaela, pr\u00e9parez les sujets que vous souhaitez aborder. D\u00e9taillez les\u00a0<strong>contextes<\/strong>\u00a0et les\u00a0<strong>questions d&#8217;actualit\u00e9<\/strong>\u00a0que vous souhaitez aborder. Cela permettra \u00e0 Michaela de vous fournir des informations et des conseils cibl\u00e9s, adapt\u00e9s \u00e0 vos besoins.<\/p><\/div>\n\t\t\t\t<\/div>\n\t\t\t\t\t\t\t<div class=\"elementor-accordion-item\">\n\t\t\t\t\t<div id=\"elementor-tab-title-4844\" class=\"elementor-tab-title\" data-tab=\"4\" role=\"button\" aria-controls=\"elementor-tab-content-4844\" aria-expanded=\"false\">\n\t\t\t\t\t\t\t\t\t\t\t\t\t<span class=\"elementor-accordion-icon elementor-accordion-icon-right\" aria-hidden=\"true\">\n\t\t\t\t\t\t\t\t\t\t\t\t\t\t\t<span class=\"elementor-accordion-icon-closed\"><i class=\"fas fa-plus\"><\/i><\/span>\n\t\t\t\t\t\t\t\t<span class=\"elementor-accordion-icon-opened\"><i class=\"fas fa-minus\"><\/i><\/span>\n\t\t\t\t\t\t\t\t\t\t\t\t\t\t<\/span>\n\t\t\t\t\t\t\t\t\t\t\t\t<a class=\"elementor-accordion-title\" tabindex=\"0\">Comment puis-je planifier un appel de coaching priv\u00e9 de 30 minutes ?<\/a>\n\t\t\t\t\t<\/div>\n\t\t\t\t\t<div id=\"elementor-tab-content-4844\" class=\"elementor-tab-content elementor-clearfix\" data-tab=\"4\" role=\"region\" aria-labelledby=\"elementor-tab-title-4844\"><p>Programmer un appel avec Michaela est simple. Il suffit de remplir le formulaire dans le\u00a0<a href=\"https:\/\/michaela-merk.com\/fr\/call-michaela\/\"><strong>&#8220;Obtenir les conseils de Michaela&#8221;<\/strong><\/a>\u00a0section. Une fois que vous aurez soumis vos coordonn\u00e9es, vous pourrez s\u00e9lectionner un cr\u00e9neau disponible pour votre appel et proc\u00e9der au paiement pour le valider. Une fois le paiement effectu\u00e9, vous recevrez un e-mail de confirmation avec une invitation au calendrier. N&#8217;oubliez pas de\u00a0<strong>pr\u00e9parez-vous \u00e0 votre appel afin de tirer le meilleur parti de ces 30 minutes.<\/strong><\/p><\/div>\n\t\t\t\t<\/div>\n\t\t\t\t\t\t\t<div class=\"elementor-accordion-item\">\n\t\t\t\t\t<div id=\"elementor-tab-title-4845\" class=\"elementor-tab-title\" data-tab=\"5\" role=\"button\" aria-controls=\"elementor-tab-content-4845\" aria-expanded=\"false\">\n\t\t\t\t\t\t\t\t\t\t\t\t\t<span class=\"elementor-accordion-icon elementor-accordion-icon-right\" aria-hidden=\"true\">\n\t\t\t\t\t\t\t\t\t\t\t\t\t\t\t<span class=\"elementor-accordion-icon-closed\"><i class=\"fas fa-plus\"><\/i><\/span>\n\t\t\t\t\t\t\t\t<span class=\"elementor-accordion-icon-opened\"><i class=\"fas fa-minus\"><\/i><\/span>\n\t\t\t\t\t\t\t\t\t\t\t\t\t\t<\/span>\n\t\t\t\t\t\t\t\t\t\t\t\t<a class=\"elementor-accordion-title\" tabindex=\"0\">L'appel de coaching a-t-il lieu en personne ou virtuellement ?<\/a>\n\t\t\t\t\t<\/div>\n\t\t\t\t\t<div id=\"elementor-tab-content-4845\" class=\"elementor-tab-content elementor-clearfix\" data-tab=\"5\" role=\"region\" aria-labelledby=\"elementor-tab-title-4845\"><p>Pour votre commodit\u00e9, l&#8217;appel a lieu\u00a0<strong>virtuellement<\/strong>\u00a0via l&#8217;appel classique de FaceTime. O\u00f9 que vous soyez, vous pouvez donc vous connecter avec Michaela.<\/p><\/div>\n\t\t\t\t<\/div>\n\t\t\t\t\t\t\t<div class=\"elementor-accordion-item\">\n\t\t\t\t\t<div id=\"elementor-tab-title-4846\" class=\"elementor-tab-title\" data-tab=\"6\" role=\"button\" aria-controls=\"elementor-tab-content-4846\" aria-expanded=\"false\">\n\t\t\t\t\t\t\t\t\t\t\t\t\t<span class=\"elementor-accordion-icon elementor-accordion-icon-right\" aria-hidden=\"true\">\n\t\t\t\t\t\t\t\t\t\t\t\t\t\t\t<span class=\"elementor-accordion-icon-closed\"><i class=\"fas fa-plus\"><\/i><\/span>\n\t\t\t\t\t\t\t\t<span class=\"elementor-accordion-icon-opened\"><i class=\"fas fa-minus\"><\/i><\/span>\n\t\t\t\t\t\t\t\t\t\t\t\t\t\t<\/span>\n\t\t\t\t\t\t\t\t\t\t\t\t<a class=\"elementor-accordion-title\" tabindex=\"0\">Quels sont les sujets qui peuvent \u00eatre abord\u00e9s au cours de l'appel ?<\/a>\n\t\t\t\t\t<\/div>\n\t\t\t\t\t<div id=\"elementor-tab-content-4846\" class=\"elementor-tab-content elementor-clearfix\" data-tab=\"6\" role=\"region\" aria-labelledby=\"elementor-tab-title-4846\"><p>Vous pouvez discuter de tous les sujets qui vous int\u00e9ressent, qu&#8217;il s&#8217;agisse de\u00a0<strong>leadership, luxe, strat\u00e9gie d&#8217;entreprise, durabilit\u00e9, d\u00e9veloppement professionnel, motivation, travail d&#8217;\u00e9quipe, \u00e9quilibre entre vie professionnelle et vie priv\u00e9e ou esprit d&#8217;entreprise.<\/strong>\u00a0Michaela est l\u00e0 pour engager une discussion constructive avec vous. Michaela se r\u00e9serve le droit d&#8217;interrompre la conversation en cas d&#8217;agression ou d&#8217;ind\u00e9cence.<\/p><\/div>\n\t\t\t\t<\/div>\n\t\t\t\t\t\t\t<div class=\"elementor-accordion-item\">\n\t\t\t\t\t<div id=\"elementor-tab-title-4847\" class=\"elementor-tab-title\" data-tab=\"7\" role=\"button\" aria-controls=\"elementor-tab-content-4847\" aria-expanded=\"false\">\n\t\t\t\t\t\t\t\t\t\t\t\t\t<span class=\"elementor-accordion-icon elementor-accordion-icon-right\" aria-hidden=\"true\">\n\t\t\t\t\t\t\t\t\t\t\t\t\t\t\t<span class=\"elementor-accordion-icon-closed\"><i class=\"fas fa-plus\"><\/i><\/span>\n\t\t\t\t\t\t\t\t<span class=\"elementor-accordion-icon-opened\"><i class=\"fas fa-minus\"><\/i><\/span>\n\t\t\t\t\t\t\t\t\t\t\t\t\t\t<\/span>\n\t\t\t\t\t\t\t\t\t\t\t\t<a class=\"elementor-accordion-title\" tabindex=\"0\">Puis-je programmer plusieurs appels avec Michaela ?<\/a>\n\t\t\t\t\t<\/div>\n\t\t\t\t\t<div id=\"elementor-tab-content-4847\" class=\"elementor-tab-content elementor-clearfix\" data-tab=\"7\" role=\"region\" aria-labelledby=\"elementor-tab-title-4847\"><p>Vous pouvez tout \u00e0 fait pr\u00e9voir des s\u00e9ances suppl\u00e9mentaires si vous le souhaitez. Cependant, gardez \u00e0 l&#8217;esprit que chaque session est con\u00e7ue pour \u00eatre cibl\u00e9e et orient\u00e9e vers l&#8217;action, dans le but de r\u00e9soudre vos d\u00e9fis et de vous aider \u00e0 faire des progr\u00e8s rapides en 1 ou 2 sessions.<\/p><\/div>\n\t\t\t\t<\/div>\n\t\t\t\t\t\t\t<div class=\"elementor-accordion-item\">\n\t\t\t\t\t<div id=\"elementor-tab-title-4848\" class=\"elementor-tab-title\" data-tab=\"8\" role=\"button\" aria-controls=\"elementor-tab-content-4848\" aria-expanded=\"false\">\n\t\t\t\t\t\t\t\t\t\t\t\t\t<span class=\"elementor-accordion-icon elementor-accordion-icon-right\" aria-hidden=\"true\">\n\t\t\t\t\t\t\t\t\t\t\t\t\t\t\t<span class=\"elementor-accordion-icon-closed\"><i class=\"fas fa-plus\"><\/i><\/span>\n\t\t\t\t\t\t\t\t<span class=\"elementor-accordion-icon-opened\"><i class=\"fas fa-minus\"><\/i><\/span>\n\t\t\t\t\t\t\t\t\t\t\t\t\t\t<\/span>\n\t\t\t\t\t\t\t\t\t\t\t\t<a class=\"elementor-accordion-title\" tabindex=\"0\">Plusieurs personnes peuvent-elles participer \u00e0 l'appel ?<\/a>\n\t\t\t\t\t<\/div>\n\t\t\t\t\t<div id=\"elementor-tab-content-4848\" class=\"elementor-tab-content elementor-clearfix\" data-tab=\"8\" role=\"region\" aria-labelledby=\"elementor-tab-title-4848\"><p>Oui, d&#8217;autres personnes peuvent participer \u00e0 l&#8217;appel si vous estimez qu&#8217;elles en b\u00e9n\u00e9ficieront.<\/p><\/div>\n\t\t\t\t<\/div>\n\t\t\t\t\t\t\t<div class=\"elementor-accordion-item\">\n\t\t\t\t\t<div id=\"elementor-tab-title-4849\" class=\"elementor-tab-title\" data-tab=\"9\" role=\"button\" aria-controls=\"elementor-tab-content-4849\" aria-expanded=\"false\">\n\t\t\t\t\t\t\t\t\t\t\t\t\t<span class=\"elementor-accordion-icon elementor-accordion-icon-right\" aria-hidden=\"true\">\n\t\t\t\t\t\t\t\t\t\t\t\t\t\t\t<span class=\"elementor-accordion-icon-closed\"><i class=\"fas fa-plus\"><\/i><\/span>\n\t\t\t\t\t\t\t\t<span class=\"elementor-accordion-icon-opened\"><i class=\"fas fa-minus\"><\/i><\/span>\n\t\t\t\t\t\t\t\t\t\t\t\t\t\t<\/span>\n\t\t\t\t\t\t\t\t\t\t\t\t<a class=\"elementor-accordion-title\" tabindex=\"0\">Combien co\u00fbte un appel de coaching priv\u00e9 de 30 minutes ?<\/a>\n\t\t\t\t\t<\/div>\n\t\t\t\t\t<div id=\"elementor-tab-content-4849\" class=\"elementor-tab-content elementor-clearfix\" data-tab=\"9\" role=\"region\" aria-labelledby=\"elementor-tab-title-4849\"><p>Un appel de coaching priv\u00e9 de 30 minutes avec Michaela co\u00fbte 250 euros. Cet investissement vous permet d&#8217;acc\u00e9der aux conseils et aux id\u00e9es d&#8217;une experte renomm\u00e9e dans le domaine du luxe et du leadership, qui dispose d&#8217;un r\u00e9seau professionnel in\u00e9gal\u00e9.<\/p><\/div>\n\t\t\t\t<\/div>\n\t\t\t\t\t\t\t<div class=\"elementor-accordion-item\">\n\t\t\t\t\t<div id=\"elementor-tab-title-48410\" class=\"elementor-tab-title\" data-tab=\"10\" role=\"button\" aria-controls=\"elementor-tab-content-48410\" aria-expanded=\"false\">\n\t\t\t\t\t\t\t\t\t\t\t\t\t<span class=\"elementor-accordion-icon elementor-accordion-icon-right\" aria-hidden=\"true\">\n\t\t\t\t\t\t\t\t\t\t\t\t\t\t\t<span class=\"elementor-accordion-icon-closed\"><i class=\"fas fa-plus\"><\/i><\/span>\n\t\t\t\t\t\t\t\t<span class=\"elementor-accordion-icon-opened\"><i class=\"fas fa-minus\"><\/i><\/span>\n\t\t\t\t\t\t\t\t\t\t\t\t\t\t<\/span>\n\t\t\t\t\t\t\t\t\t\t\t\t<a class=\"elementor-accordion-title\" tabindex=\"0\">Y a-t-il un suivi apr\u00e8s l'appel ?<\/a>\n\t\t\t\t\t<\/div>\n\t\t\t\t\t<div id=\"elementor-tab-content-48410\" class=\"elementor-tab-content elementor-clearfix\" data-tab=\"10\" role=\"region\" aria-labelledby=\"elementor-tab-title-48410\"><p>Les appels \u00e9tant con\u00e7us comme des sessions uniques, il n&#8217;y a pas de suivi formel \u00e0 moins que vous ne preniez rendez-vous pour une autre session. Cependant, nous faisons de notre mieux pour que les id\u00e9es et les strat\u00e9gies discut\u00e9es pendant l&#8217;appel apportent une solution imm\u00e9diate et durable.<\/p><\/div>\n\t\t\t\t<\/div>\n\t\t\t\t\t\t\t\t\t\t<script type=\"application\/ld+json\">{\"@context\":\"https:\\\/\\\/schema.org\",\"@type\":\"FAQPage\",\"mainEntity\":[{\"@type\":\"Question\",\"name\":\"\\u00c0 qui s'adresse cet appel de coaching priv\\u00e9 de 30 minutes ?\",\"acceptedAnswer\":{\"@type\":\"Answer\",\"text\":\"<p>Cet appel est destin\\u00e9 \\u00e0\\u00a0<strong>toute personne souhaitant am\\u00e9liorer ses comp\\u00e9tences en mati\\u00e8re de leadership,<\\\/strong>\\u00a0des cadres experts aux jeunes leaders. Il s&#8217;adresse \\u00e9galement aux amateurs de luxe, aux entrepreneurs qui r\\u00e9fl\\u00e9chissent \\u00e0 des id\\u00e9es commerciales et aux personnes qui se sentent bloqu\\u00e9es dans leur vie personnelle ou professionnelle et qui cherchent \\u00e0 y voir plus clair. Quel que soit votre stade de d\\u00e9veloppement,\\u00a0<strong>si vous \\u00eates pr\\u00eat \\u00e0 \\u00e9voluer et \\u00e0 vous am\\u00e9liorer, cet appel est fait pour vous.<\\\/strong><\\\/p>\"}},{\"@type\":\"Question\",\"name\":\"Que puis-je attendre de l'appel de coaching priv\\u00e9 de 30 minutes ?\",\"acceptedAnswer\":{\"@type\":\"Answer\",\"text\":\"<p>Cet appel est con\\u00e7u pour r\\u00e9pondre \\u00e0 vos besoins &#8211; une conversation ouverte, un d\\u00e9bat structur\\u00e9 ou une session de conseil cibl\\u00e9e. Nous aborderons vos d\\u00e9fis de front, \\u00e9changerons nos points de vue et r\\u00e9fl\\u00e9chirons \\u00e0 des solutions potentielles pour vous guider vers vos objectifs. C&#8217;est un dialogue fluide qui vous laissera motiv\\u00e9 et inspir\\u00e9. Nous sommes l\\u00e0 pour travailler ensemble et d\\u00e9couvrir des strat\\u00e9gies qui simplifieront votre parcours.<\\\/p>\"}},{\"@type\":\"Question\",\"name\":\"Comment dois-je me pr\\u00e9parer \\u00e0 l'appel ?\",\"acceptedAnswer\":{\"@type\":\"Answer\",\"text\":\"<p>Pour tirer le meilleur parti de votre appel avec Michaela, pr\\u00e9parez les sujets que vous souhaitez aborder. D\\u00e9taillez les\\u00a0<strong>contextes<\\\/strong>\\u00a0et les\\u00a0<strong>questions d&#8217;actualit\\u00e9<\\\/strong>\\u00a0que vous souhaitez aborder. Cela permettra \\u00e0 Michaela de vous fournir des informations et des conseils cibl\\u00e9s, adapt\\u00e9s \\u00e0 vos besoins.<\\\/p>\"}},{\"@type\":\"Question\",\"name\":\"Comment puis-je planifier un appel de coaching priv\\u00e9 de 30 minutes ?\",\"acceptedAnswer\":{\"@type\":\"Answer\",\"text\":\"<p>Programmer un appel avec Michaela est simple. Il suffit de remplir le formulaire dans le\\u00a0<a href=\\\"https:\\\/\\\/michaela-merk.com\\\/fr\\\/call-michaela\\\/\\\"><strong>&#8220;Obtenir les conseils de Michaela&#8221;<\\\/strong><\\\/a>\\u00a0section. Une fois que vous aurez soumis vos coordonn\\u00e9es, vous pourrez s\\u00e9lectionner un cr\\u00e9neau disponible pour votre appel et proc\\u00e9der au paiement pour le valider. Une fois le paiement effectu\\u00e9, vous recevrez un e-mail de confirmation avec une invitation au calendrier. N&#8217;oubliez pas de\\u00a0<strong>pr\\u00e9parez-vous \\u00e0 votre appel afin de tirer le meilleur parti de ces 30 minutes.<\\\/strong><\\\/p>\"}},{\"@type\":\"Question\",\"name\":\"L'appel de coaching a-t-il lieu en personne ou virtuellement ?\",\"acceptedAnswer\":{\"@type\":\"Answer\",\"text\":\"<p>Pour votre commodit\\u00e9, l&#8217;appel a lieu\\u00a0<strong>virtuellement<\\\/strong>\\u00a0via l&#8217;appel classique de FaceTime. O\\u00f9 que vous soyez, vous pouvez donc vous connecter avec Michaela.<\\\/p>\"}},{\"@type\":\"Question\",\"name\":\"Quels sont les sujets qui peuvent \\u00eatre abord\\u00e9s au cours de l'appel ?\",\"acceptedAnswer\":{\"@type\":\"Answer\",\"text\":\"<p>Vous pouvez discuter de tous les sujets qui vous int\\u00e9ressent, qu&#8217;il s&#8217;agisse de\\u00a0<strong>leadership, luxe, strat\\u00e9gie d&#8217;entreprise, durabilit\\u00e9, d\\u00e9veloppement professionnel, motivation, travail d&#8217;\\u00e9quipe, \\u00e9quilibre entre vie professionnelle et vie priv\\u00e9e ou esprit d&#8217;entreprise.<\\\/strong>\\u00a0Michaela est l\\u00e0 pour engager une discussion constructive avec vous. Michaela se r\\u00e9serve le droit d&#8217;interrompre la conversation en cas d&#8217;agression ou d&#8217;ind\\u00e9cence.<\\\/p>\"}},{\"@type\":\"Question\",\"name\":\"Puis-je programmer plusieurs appels avec Michaela ?\",\"acceptedAnswer\":{\"@type\":\"Answer\",\"text\":\"<p>Vous pouvez tout \\u00e0 fait pr\\u00e9voir des s\\u00e9ances suppl\\u00e9mentaires si vous le souhaitez. Cependant, gardez \\u00e0 l&#8217;esprit que chaque session est con\\u00e7ue pour \\u00eatre cibl\\u00e9e et orient\\u00e9e vers l&#8217;action, dans le but de r\\u00e9soudre vos d\\u00e9fis et de vous aider \\u00e0 faire des progr\\u00e8s rapides en 1 ou 2 sessions.<\\\/p>\"}},{\"@type\":\"Question\",\"name\":\"Plusieurs personnes peuvent-elles participer \\u00e0 l'appel ?\",\"acceptedAnswer\":{\"@type\":\"Answer\",\"text\":\"<p>Oui, d&#8217;autres personnes peuvent participer \\u00e0 l&#8217;appel si vous estimez qu&#8217;elles en b\\u00e9n\\u00e9ficieront.<\\\/p>\"}},{\"@type\":\"Question\",\"name\":\"Combien co\\u00fbte un appel de coaching priv\\u00e9 de 30 minutes ?\",\"acceptedAnswer\":{\"@type\":\"Answer\",\"text\":\"<p>Un appel de coaching priv\\u00e9 de 30 minutes avec Michaela co\\u00fbte 250 euros. Cet investissement vous permet d&#8217;acc\\u00e9der aux conseils et aux id\\u00e9es d&#8217;une experte renomm\\u00e9e dans le domaine du luxe et du leadership, qui dispose d&#8217;un r\\u00e9seau professionnel in\\u00e9gal\\u00e9.<\\\/p>\"}},{\"@type\":\"Question\",\"name\":\"Y a-t-il un suivi apr\\u00e8s l'appel ?\",\"acceptedAnswer\":{\"@type\":\"Answer\",\"text\":\"<p>Les appels \\u00e9tant con\\u00e7us comme des sessions uniques, il n&#8217;y a pas de suivi formel \\u00e0 moins que vous ne preniez rendez-vous pour une autre session. Cependant, nous faisons de notre mieux pour que les id\\u00e9es et les strat\\u00e9gies discut\\u00e9es pendant l&#8217;appel apportent une solution imm\\u00e9diate et durable.<\\\/p>\"}}]}<\/script>\n\t\t\t\t\t<\/div>\n\t\t\t\t\t\t<\/div>\n\t\t\t\t<\/div>\n\t\t\t\t<\/div>\n\t\t<div class=\"elementor-element elementor-element-018680a e-con-full e-flex e-con e-child\" data-id=\"018680a\" data-element_type=\"container\" data-e-type=\"container\" id=\"bootcamp\">\n\t\t\t\t<div class=\"elementor-element elementor-element-714a49b elementor-widget__width-inherit elementor-widget elementor-widget-heading\" data-id=\"714a49b\" data-element_type=\"widget\" data-e-type=\"widget\" id=\"bootcamp\" data-widget_type=\"heading.default\">\n\t\t\t\t<div class=\"elementor-widget-container\">\n\t\t\t\t\t<h2 class=\"elementor-heading-title elementor-size-default\">BOOTCAMP LEADERSHIP <\/h2>\t\t\t\t<\/div>\n\t\t\t\t<\/div>\n\t\t\t\t<div class=\"elementor-element elementor-element-779a340 elementor-widget__width-initial elementor-widget elementor-widget-accordion\" data-id=\"779a340\" data-element_type=\"widget\" data-e-type=\"widget\" data-widget_type=\"accordion.default\">\n\t\t\t\t<div class=\"elementor-widget-container\">\n\t\t\t\t\t\t\t<div class=\"elementor-accordion\">\n\t\t\t\t\t\t\t<div class=\"elementor-accordion-item\">\n\t\t\t\t\t<div id=\"elementor-tab-title-1251\" class=\"elementor-tab-title\" data-tab=\"1\" role=\"button\" aria-controls=\"elementor-tab-content-1251\" aria-expanded=\"false\">\n\t\t\t\t\t\t\t\t\t\t\t\t\t<span class=\"elementor-accordion-icon elementor-accordion-icon-right\" aria-hidden=\"true\">\n\t\t\t\t\t\t\t\t\t\t\t\t\t\t\t<span class=\"elementor-accordion-icon-closed\"><i class=\"fas fa-plus\"><\/i><\/span>\n\t\t\t\t\t\t\t\t<span class=\"elementor-accordion-icon-opened\"><i class=\"fas fa-minus\"><\/i><\/span>\n\t\t\t\t\t\t\t\t\t\t\t\t\t\t<\/span>\n\t\t\t\t\t\t\t\t\t\t\t\t<a class=\"elementor-accordion-title\" tabindex=\"0\">\u00c0 qui s'adressent ces cours ?<\/a>\n\t\t\t\t\t<\/div>\n\t\t\t\t\t<div id=\"elementor-tab-content-1251\" class=\"elementor-tab-content elementor-clearfix\" data-tab=\"1\" role=\"region\" aria-labelledby=\"elementor-tab-title-1251\"><p>Ces cours s&#8217;adressent \u00e0 toute personne soucieuse de son d\u00e9veloppement personnel et professionnel. Que vous soyez chef d&#8217;entreprise, entrepreneur, passionn\u00e9 de luxe ou simplement d\u00e9sireux d&#8217;\u00e9largir vos comp\u00e9tences, ces cours sont con\u00e7us pour r\u00e9pondre \u00e0 vos besoins et vous aider \u00e0 atteindre le succ\u00e8s que vous m\u00e9ritez.<\/p><\/div>\n\t\t\t\t<\/div>\n\t\t\t\t\t\t\t<div class=\"elementor-accordion-item\">\n\t\t\t\t\t<div id=\"elementor-tab-title-1252\" class=\"elementor-tab-title\" data-tab=\"2\" role=\"button\" aria-controls=\"elementor-tab-content-1252\" aria-expanded=\"false\">\n\t\t\t\t\t\t\t\t\t\t\t\t\t<span class=\"elementor-accordion-icon elementor-accordion-icon-right\" aria-hidden=\"true\">\n\t\t\t\t\t\t\t\t\t\t\t\t\t\t\t<span class=\"elementor-accordion-icon-closed\"><i class=\"fas fa-plus\"><\/i><\/span>\n\t\t\t\t\t\t\t\t<span class=\"elementor-accordion-icon-opened\"><i class=\"fas fa-minus\"><\/i><\/span>\n\t\t\t\t\t\t\t\t\t\t\t\t\t\t<\/span>\n\t\t\t\t\t\t\t\t\t\t\t\t<a class=\"elementor-accordion-title\" tabindex=\"0\">Que puis-je attendre de ces formations ?<\/a>\n\t\t\t\t\t<\/div>\n\t\t\t\t\t<div id=\"elementor-tab-content-1252\" class=\"elementor-tab-content elementor-clearfix\" data-tab=\"2\" role=\"region\" aria-labelledby=\"elementor-tab-title-1252\"><p>Nos cours sont con\u00e7us pour lib\u00e9rer votre potentiel, en proposant des tests de personnalit\u00e9 pour la d\u00e9couverte de soi, et des cours intensifs sur l&#8217;intelligence \u00e9motionnelle, la communication et la pens\u00e9e visionnaire. Notre objectif ? Remodeler votre \u00e9tat d&#8217;esprit et faire de vous un leader inspirant, pr\u00eat \u00e0 mobiliser les autres pour une cause commune.<\/p><\/div>\n\t\t\t\t<\/div>\n\t\t\t\t\t\t\t<div class=\"elementor-accordion-item\">\n\t\t\t\t\t<div id=\"elementor-tab-title-1253\" class=\"elementor-tab-title\" data-tab=\"3\" role=\"button\" aria-controls=\"elementor-tab-content-1253\" aria-expanded=\"false\">\n\t\t\t\t\t\t\t\t\t\t\t\t\t<span class=\"elementor-accordion-icon elementor-accordion-icon-right\" aria-hidden=\"true\">\n\t\t\t\t\t\t\t\t\t\t\t\t\t\t\t<span class=\"elementor-accordion-icon-closed\"><i class=\"fas fa-plus\"><\/i><\/span>\n\t\t\t\t\t\t\t\t<span class=\"elementor-accordion-icon-opened\"><i class=\"fas fa-minus\"><\/i><\/span>\n\t\t\t\t\t\t\t\t\t\t\t\t\t\t<\/span>\n\t\t\t\t\t\t\t\t\t\t\t\t<a class=\"elementor-accordion-title\" tabindex=\"0\">Dans quelles langues les cours sont-ils disponibles ?<\/a>\n\t\t\t\t\t<\/div>\n\t\t\t\t\t<div id=\"elementor-tab-content-1253\" class=\"elementor-tab-content elementor-clearfix\" data-tab=\"3\" role=\"region\" aria-labelledby=\"elementor-tab-title-1253\"><p>Actuellement, tous nos cours sont disponibles en anglais.<\/p><\/div>\n\t\t\t\t<\/div>\n\t\t\t\t\t\t\t<div class=\"elementor-accordion-item\">\n\t\t\t\t\t<div id=\"elementor-tab-title-1254\" class=\"elementor-tab-title\" data-tab=\"4\" role=\"button\" aria-controls=\"elementor-tab-content-1254\" aria-expanded=\"false\">\n\t\t\t\t\t\t\t\t\t\t\t\t\t<span class=\"elementor-accordion-icon elementor-accordion-icon-right\" aria-hidden=\"true\">\n\t\t\t\t\t\t\t\t\t\t\t\t\t\t\t<span class=\"elementor-accordion-icon-closed\"><i class=\"fas fa-plus\"><\/i><\/span>\n\t\t\t\t\t\t\t\t<span class=\"elementor-accordion-icon-opened\"><i class=\"fas fa-minus\"><\/i><\/span>\n\t\t\t\t\t\t\t\t\t\t\t\t\t\t<\/span>\n\t\t\t\t\t\t\t\t\t\t\t\t<a class=\"elementor-accordion-title\" tabindex=\"0\">Comment acc\u00e9der \u00e0 mon cours ?<\/a>\n\t\t\t\t\t<\/div>\n\t\t\t\t\t<div id=\"elementor-tab-content-1254\" class=\"elementor-tab-content elementor-clearfix\" data-tab=\"4\" role=\"region\" aria-labelledby=\"elementor-tab-title-1254\"><p>C&#8217;est aussi simple que 1, 2, 3 :<br \/>1.\u00a0<a href=\"https:\/\/merkvision.podia.com\/login\" target=\"_blank\" rel=\"noopener\"><strong>S&#8217;inscrire<\/strong><\/a>\u00a0sur votre compte<br \/>2. Cliquez sur l&#8217;onglet &#8220;Produits<br \/>3. S\u00e9lectionnez le programme que vous souhaitez suivre et cliquez sur la vid\u00e9o suivante pour la visionner.<\/p><\/div>\n\t\t\t\t<\/div>\n\t\t\t\t\t\t\t<div class=\"elementor-accordion-item\">\n\t\t\t\t\t<div id=\"elementor-tab-title-1255\" class=\"elementor-tab-title\" data-tab=\"5\" role=\"button\" aria-controls=\"elementor-tab-content-1255\" aria-expanded=\"false\">\n\t\t\t\t\t\t\t\t\t\t\t\t\t<span class=\"elementor-accordion-icon elementor-accordion-icon-right\" aria-hidden=\"true\">\n\t\t\t\t\t\t\t\t\t\t\t\t\t\t\t<span class=\"elementor-accordion-icon-closed\"><i class=\"fas fa-plus\"><\/i><\/span>\n\t\t\t\t\t\t\t\t<span class=\"elementor-accordion-icon-opened\"><i class=\"fas fa-minus\"><\/i><\/span>\n\t\t\t\t\t\t\t\t\t\t\t\t\t\t<\/span>\n\t\t\t\t\t\t\t\t\t\t\t\t<a class=\"elementor-accordion-title\" tabindex=\"0\">\u00c0 quelle fr\u00e9quence les nouveaux cours sont-ils ajout\u00e9s \u00e0 la biblioth\u00e8que ?<\/a>\n\t\t\t\t\t<\/div>\n\t\t\t\t\t<div id=\"elementor-tab-content-1255\" class=\"elementor-tab-content elementor-clearfix\" data-tab=\"5\" role=\"region\" aria-labelledby=\"elementor-tab-title-1255\"><p>Cette ann\u00e9e, nous passons \u00e0 la vitesse sup\u00e9rieure ! Notre objectif pour 2024 est d&#8217;enrichir r\u00e9guli\u00e8rement notre contenu &#8211; attendez-vous \u00e0 voir une nouvelle vid\u00e9o de cours ajout\u00e9e chaque trimestre.<\/p><\/div>\n\t\t\t\t<\/div>\n\t\t\t\t\t\t\t<div class=\"elementor-accordion-item\">\n\t\t\t\t\t<div id=\"elementor-tab-title-1256\" class=\"elementor-tab-title\" data-tab=\"6\" role=\"button\" aria-controls=\"elementor-tab-content-1256\" aria-expanded=\"false\">\n\t\t\t\t\t\t\t\t\t\t\t\t\t<span class=\"elementor-accordion-icon elementor-accordion-icon-right\" aria-hidden=\"true\">\n\t\t\t\t\t\t\t\t\t\t\t\t\t\t\t<span class=\"elementor-accordion-icon-closed\"><i class=\"fas fa-plus\"><\/i><\/span>\n\t\t\t\t\t\t\t\t<span class=\"elementor-accordion-icon-opened\"><i class=\"fas fa-minus\"><\/i><\/span>\n\t\t\t\t\t\t\t\t\t\t\t\t\t\t<\/span>\n\t\t\t\t\t\t\t\t\t\t\t\t<a class=\"elementor-accordion-title\" tabindex=\"0\">Quelle est la diff\u00e9rence entre une vid\u00e9o enregistr\u00e9e et un cours en direct ?<\/a>\n\t\t\t\t\t<\/div>\n\t\t\t\t\t<div id=\"elementor-tab-content-1256\" class=\"elementor-tab-content elementor-clearfix\" data-tab=\"6\" role=\"region\" aria-labelledby=\"elementor-tab-title-1256\"><p>Les cours vid\u00e9o enregistr\u00e9s sont flexibles : vous pouvez les regarder n&#8217;importe o\u00f9, n&#8217;importe quand, sur n&#8217;importe quel appareil et \u00e0 votre propre rythme. C&#8217;est un excellent moyen d&#8217;apprendre \u00e0 la vitesse qui vous convient. Les cours en direct, quant \u00e0 eux, sont des \u00e9v\u00e9nements ponctuels qui approfondissent des concepts modernes et encouragent l&#8217;interaction et l&#8217;engagement en temps r\u00e9el. Ils offrent une exp\u00e9rience d&#8217;apprentissage plus dynamique et interactive.<\/p><\/div>\n\t\t\t\t<\/div>\n\t\t\t\t\t\t\t<div class=\"elementor-accordion-item\">\n\t\t\t\t\t<div id=\"elementor-tab-title-1257\" class=\"elementor-tab-title\" data-tab=\"7\" role=\"button\" aria-controls=\"elementor-tab-content-1257\" aria-expanded=\"false\">\n\t\t\t\t\t\t\t\t\t\t\t\t\t<span class=\"elementor-accordion-icon elementor-accordion-icon-right\" aria-hidden=\"true\">\n\t\t\t\t\t\t\t\t\t\t\t\t\t\t\t<span class=\"elementor-accordion-icon-closed\"><i class=\"fas fa-plus\"><\/i><\/span>\n\t\t\t\t\t\t\t\t<span class=\"elementor-accordion-icon-opened\"><i class=\"fas fa-minus\"><\/i><\/span>\n\t\t\t\t\t\t\t\t\t\t\t\t\t\t<\/span>\n\t\t\t\t\t\t\t\t\t\t\t\t<a class=\"elementor-accordion-title\" tabindex=\"0\">Que faire si j'ai des questions ou si j'ai besoin d'un soutien suppl\u00e9mentaire pendant mon cours ?<\/a>\n\t\t\t\t\t<\/div>\n\t\t\t\t\t<div id=\"elementor-tab-content-1257\" class=\"elementor-tab-content elementor-clearfix\" data-tab=\"7\" role=\"region\" aria-labelledby=\"elementor-tab-title-1257\"><p>Nous avons cr\u00e9\u00e9 un groupe Facebook pour tous les apprenants. C&#8217;est un espace o\u00f9 vous pouvez poser des questions, partager des id\u00e9es et obtenir des r\u00e9ponses de Michaela, d&#8217;autres experts et de vos pairs.<\/p><\/div>\n\t\t\t\t<\/div>\n\t\t\t\t\t\t\t<div class=\"elementor-accordion-item\">\n\t\t\t\t\t<div id=\"elementor-tab-title-1258\" class=\"elementor-tab-title\" data-tab=\"8\" role=\"button\" aria-controls=\"elementor-tab-content-1258\" aria-expanded=\"false\">\n\t\t\t\t\t\t\t\t\t\t\t\t\t<span class=\"elementor-accordion-icon elementor-accordion-icon-right\" aria-hidden=\"true\">\n\t\t\t\t\t\t\t\t\t\t\t\t\t\t\t<span class=\"elementor-accordion-icon-closed\"><i class=\"fas fa-plus\"><\/i><\/span>\n\t\t\t\t\t\t\t\t<span class=\"elementor-accordion-icon-opened\"><i class=\"fas fa-minus\"><\/i><\/span>\n\t\t\t\t\t\t\t\t\t\t\t\t\t\t<\/span>\n\t\t\t\t\t\t\t\t\t\t\t\t<a class=\"elementor-accordion-title\" tabindex=\"0\">Aide - J'ai perdu mon mot de passe !<\/a>\n\t\t\t\t\t<\/div>\n\t\t\t\t\t<div id=\"elementor-tab-content-1258\" class=\"elementor-tab-content elementor-clearfix\" data-tab=\"8\" role=\"region\" aria-labelledby=\"elementor-tab-title-1258\"><p>R\u00e9initialisation du mot de passe en 2 minutes :<\/p><p>1. Cliquez ici pour r\u00e9initialiser votre mot de passe<\/p><p>2. Saisissez votre adresse e-mail (celle que vous avez utilis\u00e9e lors de la commande).<\/p><p>3. V\u00e9rifiez votre bo\u00eete de r\u00e9ception pour de plus amples instructions &#8211; v\u00e9rifiez dans vos spams.<\/p><\/div>\n\t\t\t\t<\/div>\n\t\t\t\t\t\t\t<div class=\"elementor-accordion-item\">\n\t\t\t\t\t<div id=\"elementor-tab-title-1259\" class=\"elementor-tab-title\" data-tab=\"9\" role=\"button\" aria-controls=\"elementor-tab-content-1259\" aria-expanded=\"false\">\n\t\t\t\t\t\t\t\t\t\t\t\t\t<span class=\"elementor-accordion-icon elementor-accordion-icon-right\" aria-hidden=\"true\">\n\t\t\t\t\t\t\t\t\t\t\t\t\t\t\t<span class=\"elementor-accordion-icon-closed\"><i class=\"fas fa-plus\"><\/i><\/span>\n\t\t\t\t\t\t\t\t<span class=\"elementor-accordion-icon-opened\"><i class=\"fas fa-minus\"><\/i><\/span>\n\t\t\t\t\t\t\t\t\t\t\t\t\t\t<\/span>\n\t\t\t\t\t\t\t\t\t\t\t\t<a class=\"elementor-accordion-title\" tabindex=\"0\">Quelle est la dur\u00e9e de l'abonnement ?<\/a>\n\t\t\t\t\t<\/div>\n\t\t\t\t\t<div id=\"elementor-tab-content-1259\" class=\"elementor-tab-content elementor-clearfix\" data-tab=\"9\" role=\"region\" aria-labelledby=\"elementor-tab-title-1259\"><p>D\u00e8s que vous achetez la formation, vous avez\u00a0<strong>2 ans de validit\u00e9<\/strong>\u00a0pour le compl\u00e9ter et le visionner \u00e0 nouveau.<\/p><\/div>\n\t\t\t\t<\/div>\n\t\t\t\t\t\t\t<div class=\"elementor-accordion-item\">\n\t\t\t\t\t<div id=\"elementor-tab-title-12510\" class=\"elementor-tab-title\" data-tab=\"10\" role=\"button\" aria-controls=\"elementor-tab-content-12510\" aria-expanded=\"false\">\n\t\t\t\t\t\t\t\t\t\t\t\t\t<span class=\"elementor-accordion-icon elementor-accordion-icon-right\" aria-hidden=\"true\">\n\t\t\t\t\t\t\t\t\t\t\t\t\t\t\t<span class=\"elementor-accordion-icon-closed\"><i class=\"fas fa-plus\"><\/i><\/span>\n\t\t\t\t\t\t\t\t<span class=\"elementor-accordion-icon-opened\"><i class=\"fas fa-minus\"><\/i><\/span>\n\t\t\t\t\t\t\t\t\t\t\t\t\t\t<\/span>\n\t\t\t\t\t\t\t\t\t\t\t\t<a class=\"elementor-accordion-title\" tabindex=\"0\">Comment puis-je payer les cours ?<\/a>\n\t\t\t\t\t<\/div>\n\t\t\t\t\t<div id=\"elementor-tab-content-12510\" class=\"elementor-tab-content elementor-clearfix\" data-tab=\"10\" role=\"region\" aria-labelledby=\"elementor-tab-title-12510\"><p>Plusieurs options s&#8217;offrent \u00e0 vous : vous pouvez payer par Visa, MasterCard, American Express ou PayPal. Choisissez ce qui vous convient le mieux.<\/p><\/div>\n\t\t\t\t<\/div>\n\t\t\t\t\t\t\t<div class=\"elementor-accordion-item\">\n\t\t\t\t\t<div id=\"elementor-tab-title-12511\" class=\"elementor-tab-title\" data-tab=\"11\" role=\"button\" aria-controls=\"elementor-tab-content-12511\" aria-expanded=\"false\">\n\t\t\t\t\t\t\t\t\t\t\t\t\t<span class=\"elementor-accordion-icon elementor-accordion-icon-right\" aria-hidden=\"true\">\n\t\t\t\t\t\t\t\t\t\t\t\t\t\t\t<span class=\"elementor-accordion-icon-closed\"><i class=\"fas fa-plus\"><\/i><\/span>\n\t\t\t\t\t\t\t\t<span class=\"elementor-accordion-icon-opened\"><i class=\"fas fa-minus\"><\/i><\/span>\n\t\t\t\t\t\t\t\t\t\t\t\t\t\t<\/span>\n\t\t\t\t\t\t\t\t\t\t\t\t<a class=\"elementor-accordion-title\" tabindex=\"0\">Puis-je acheter plusieurs abonnements pour mon entreprise ?<\/a>\n\t\t\t\t\t<\/div>\n\t\t\t\t\t<div id=\"elementor-tab-content-12511\" class=\"elementor-tab-content elementor-clearfix\" data-tab=\"11\" role=\"region\" aria-labelledby=\"elementor-tab-title-12511\"><p>Vous pouvez acheter jusqu&#8217;\u00e0 9 abonnements sur notre site web, ou vous pouvez demander une commande group\u00e9e. Si vous achetez 10 acc\u00e8s, vous b\u00e9n\u00e9ficiez de la r\u00e9duction 10% et 30+ acc\u00e8s 20%.<\/p><\/div>\n\t\t\t\t<\/div>\n\t\t\t\t\t\t\t<div class=\"elementor-accordion-item\">\n\t\t\t\t\t<div id=\"elementor-tab-title-12512\" class=\"elementor-tab-title\" data-tab=\"12\" role=\"button\" aria-controls=\"elementor-tab-content-12512\" aria-expanded=\"false\">\n\t\t\t\t\t\t\t\t\t\t\t\t\t<span class=\"elementor-accordion-icon elementor-accordion-icon-right\" aria-hidden=\"true\">\n\t\t\t\t\t\t\t\t\t\t\t\t\t\t\t<span class=\"elementor-accordion-icon-closed\"><i class=\"fas fa-plus\"><\/i><\/span>\n\t\t\t\t\t\t\t\t<span class=\"elementor-accordion-icon-opened\"><i class=\"fas fa-minus\"><\/i><\/span>\n\t\t\t\t\t\t\t\t\t\t\t\t\t\t<\/span>\n\t\t\t\t\t\t\t\t\t\t\t\t<a class=\"elementor-accordion-title\" tabindex=\"0\">Quelle est la politique de remboursement ?<\/a>\n\t\t\t\t\t<\/div>\n\t\t\t\t\t<div id=\"elementor-tab-content-12512\" class=\"elementor-tab-content elementor-clearfix\" data-tab=\"12\" role=\"region\" aria-labelledby=\"elementor-tab-title-12512\"><p>Les Leadership Bootcamps sont con\u00e7us pour vous aider \u00e0 progresser. Si vous assistez \u00e0 un ou deux cours et que vous vous rendez compte que cela ne vous convient pas, ne vous inqui\u00e9tez pas ! Nous vous rembourserons int\u00e9gralement dans les 48 heures suivant votre inscription. Apr\u00e8s 48 heures \u00e0 compter de la date et de l&#8217;heure de d\u00e9but de l&#8217;abonnement (e-mail de confirmation de l&#8217;abonnement avec les d\u00e9tails de connexion), vous n&#8217;aurez pas droit \u00e0 un remboursement. Il vous suffit de nous contacter\u00a0<a href=\"https:\/\/michaela-merk.com\/fr\/contact\/\"><strong>ici<\/strong><\/a>!<\/p><\/div>\n\t\t\t\t<\/div>\n\t\t\t\t\t\t\t\t\t\t<script type=\"application\/ld+json\">{\"@context\":\"https:\\\/\\\/schema.org\",\"@type\":\"FAQPage\",\"mainEntity\":[{\"@type\":\"Question\",\"name\":\"\\u00c0 qui s'adressent ces cours ?\",\"acceptedAnswer\":{\"@type\":\"Answer\",\"text\":\"<p>Ces cours s&#8217;adressent \\u00e0 toute personne soucieuse de son d\\u00e9veloppement personnel et professionnel. Que vous soyez chef d&#8217;entreprise, entrepreneur, passionn\\u00e9 de luxe ou simplement d\\u00e9sireux d&#8217;\\u00e9largir vos comp\\u00e9tences, ces cours sont con\\u00e7us pour r\\u00e9pondre \\u00e0 vos besoins et vous aider \\u00e0 atteindre le succ\\u00e8s que vous m\\u00e9ritez.<\\\/p>\"}},{\"@type\":\"Question\",\"name\":\"Que puis-je attendre de ces formations ?\",\"acceptedAnswer\":{\"@type\":\"Answer\",\"text\":\"<p>Nos cours sont con\\u00e7us pour lib\\u00e9rer votre potentiel, en proposant des tests de personnalit\\u00e9 pour la d\\u00e9couverte de soi, et des cours intensifs sur l&#8217;intelligence \\u00e9motionnelle, la communication et la pens\\u00e9e visionnaire. Notre objectif ? Remodeler votre \\u00e9tat d&#8217;esprit et faire de vous un leader inspirant, pr\\u00eat \\u00e0 mobiliser les autres pour une cause commune.<\\\/p>\"}},{\"@type\":\"Question\",\"name\":\"Dans quelles langues les cours sont-ils disponibles ?\",\"acceptedAnswer\":{\"@type\":\"Answer\",\"text\":\"<p>Actuellement, tous nos cours sont disponibles en anglais.<\\\/p>\"}},{\"@type\":\"Question\",\"name\":\"Comment acc\\u00e9der \\u00e0 mon cours ?\",\"acceptedAnswer\":{\"@type\":\"Answer\",\"text\":\"<p>C&#8217;est aussi simple que 1, 2, 3 :<br \\\/>1.\\u00a0<a href=\\\"https:\\\/\\\/merkvision.podia.com\\\/login\\\"><strong>S&#8217;inscrire<\\\/strong><\\\/a>\\u00a0sur votre compte<br \\\/>2. Cliquez sur l&#8217;onglet &#8220;Produits<br \\\/>3. S\\u00e9lectionnez le programme que vous souhaitez suivre et cliquez sur la vid\\u00e9o suivante pour la visionner.<\\\/p>\"}},{\"@type\":\"Question\",\"name\":\"\\u00c0 quelle fr\\u00e9quence les nouveaux cours sont-ils ajout\\u00e9s \\u00e0 la biblioth\\u00e8que ?\",\"acceptedAnswer\":{\"@type\":\"Answer\",\"text\":\"<p>Cette ann\\u00e9e, nous passons \\u00e0 la vitesse sup\\u00e9rieure ! Notre objectif pour 2024 est d&#8217;enrichir r\\u00e9guli\\u00e8rement notre contenu &#8211; attendez-vous \\u00e0 voir une nouvelle vid\\u00e9o de cours ajout\\u00e9e chaque trimestre.<\\\/p>\"}},{\"@type\":\"Question\",\"name\":\"Quelle est la diff\\u00e9rence entre une vid\\u00e9o enregistr\\u00e9e et un cours en direct ?\",\"acceptedAnswer\":{\"@type\":\"Answer\",\"text\":\"<p>Les cours vid\\u00e9o enregistr\\u00e9s sont flexibles : vous pouvez les regarder n&#8217;importe o\\u00f9, n&#8217;importe quand, sur n&#8217;importe quel appareil et \\u00e0 votre propre rythme. C&#8217;est un excellent moyen d&#8217;apprendre \\u00e0 la vitesse qui vous convient. Les cours en direct, quant \\u00e0 eux, sont des \\u00e9v\\u00e9nements ponctuels qui approfondissent des concepts modernes et encouragent l&#8217;interaction et l&#8217;engagement en temps r\\u00e9el. Ils offrent une exp\\u00e9rience d&#8217;apprentissage plus dynamique et interactive.<\\\/p>\"}},{\"@type\":\"Question\",\"name\":\"Que faire si j'ai des questions ou si j'ai besoin d'un soutien suppl\\u00e9mentaire pendant mon cours ?\",\"acceptedAnswer\":{\"@type\":\"Answer\",\"text\":\"<p>Nous avons cr\\u00e9\\u00e9 un groupe Facebook pour tous les apprenants. C&#8217;est un espace o\\u00f9 vous pouvez poser des questions, partager des id\\u00e9es et obtenir des r\\u00e9ponses de Michaela, d&#8217;autres experts et de vos pairs.<\\\/p>\"}},{\"@type\":\"Question\",\"name\":\"Aide - J'ai perdu mon mot de passe !\",\"acceptedAnswer\":{\"@type\":\"Answer\",\"text\":\"<p>R\\u00e9initialisation du mot de passe en 2 minutes :<\\\/p><p>1. Cliquez ici pour r\\u00e9initialiser votre mot de passe<\\\/p><p>2. Saisissez votre adresse e-mail (celle que vous avez utilis\\u00e9e lors de la commande).<\\\/p><p>3. V\\u00e9rifiez votre bo\\u00eete de r\\u00e9ception pour de plus amples instructions &#8211; v\\u00e9rifiez dans vos spams.<\\\/p>\"}},{\"@type\":\"Question\",\"name\":\"Quelle est la dur\\u00e9e de l'abonnement ?\",\"acceptedAnswer\":{\"@type\":\"Answer\",\"text\":\"<p>D\\u00e8s que vous achetez la formation, vous avez\\u00a0<strong>2 ans de validit\\u00e9<\\\/strong>\\u00a0pour le compl\\u00e9ter et le visionner \\u00e0 nouveau.<\\\/p>\"}},{\"@type\":\"Question\",\"name\":\"Comment puis-je payer les cours ?\",\"acceptedAnswer\":{\"@type\":\"Answer\",\"text\":\"<p>Plusieurs options s&#8217;offrent \\u00e0 vous : vous pouvez payer par Visa, MasterCard, American Express ou PayPal. Choisissez ce qui vous convient le mieux.<\\\/p>\"}},{\"@type\":\"Question\",\"name\":\"Puis-je acheter plusieurs abonnements pour mon entreprise ?\",\"acceptedAnswer\":{\"@type\":\"Answer\",\"text\":\"<p>Vous pouvez acheter jusqu&#8217;\\u00e0 9 abonnements sur notre site web, ou vous pouvez demander une commande group\\u00e9e. Si vous achetez 10 acc\\u00e8s, vous b\\u00e9n\\u00e9ficiez de la r\\u00e9duction 10% et 30+ acc\\u00e8s 20%.<\\\/p>\"}},{\"@type\":\"Question\",\"name\":\"Quelle est la politique de remboursement ?\",\"acceptedAnswer\":{\"@type\":\"Answer\",\"text\":\"<p>Les Leadership Bootcamps sont con\\u00e7us pour vous aider \\u00e0 progresser. Si vous assistez \\u00e0 un ou deux cours et que vous vous rendez compte que cela ne vous convient pas, ne vous inqui\\u00e9tez pas ! Nous vous rembourserons int\\u00e9gralement dans les 48 heures suivant votre inscription. Apr\\u00e8s 48 heures \\u00e0 compter de la date et de l&#8217;heure de d\\u00e9but de l&#8217;abonnement (e-mail de confirmation de l&#8217;abonnement avec les d\\u00e9tails de connexion), vous n&#8217;aurez pas droit \\u00e0 un remboursement. Il vous suffit de nous contacter\\u00a0<a href=\\\"https:\\\/\\\/michaela-merk.com\\\/fr\\\/contact\\\/\\\"><strong>ici<\\\/strong><\\\/a>!<\\\/p>\"}}]}<\/script>\n\t\t\t\t\t<\/div>\n\t\t\t\t\t\t<\/div>\n\t\t\t\t<\/div>\n\t\t\t\t<\/div>\n\t\t\t\t<\/div>\n\t\t\t\t\t<\/div>\n\t\t\t\t<\/div>\n\t\t<div class=\"elementor-element elementor-element-c8e7107 e-con-full e-flex e-con e-parent\" data-id=\"c8e7107\" data-element_type=\"container\" data-e-type=\"container\">\n\t\t\t\t<div class=\"elementor-element elementor-element-0bcbdb8 elementor-widget elementor-widget-template\" data-id=\"0bcbdb8\" data-element_type=\"widget\" data-e-type=\"widget\" data-widget_type=\"template.default\">\n\t\t\t\t<div class=\"elementor-widget-container\">\n\t\t\t\t\t\t\t<div class=\"elementor-template\">\n\t\t\t\t\t<div data-elementor-type=\"container\" data-elementor-id=\"9819\" class=\"elementor elementor-9819 elementor-2608 elementor-2608\" data-elementor-post-type=\"elementor_library\">\n\t\t\t\t<div class=\"elementor-element elementor-element-6a0cdc87 e-con-full e-flex e-con e-parent\" data-id=\"6a0cdc87\" data-element_type=\"container\" data-e-type=\"container\" data-settings=\"{&quot;background_background&quot;:&quot;classic&quot;}\">\n\t\t<div class=\"elementor-element elementor-element-0146d0f e-flex e-con-boxed e-con e-child\" data-id=\"0146d0f\" data-element_type=\"container\" data-e-type=\"container\">\n\t\t\t\t\t<div class=\"e-con-inner\">\n\t\t\t\t<div class=\"elementor-element elementor-element-61c9300a elementor-widget elementor-widget-heading\" data-id=\"61c9300a\" data-element_type=\"widget\" data-e-type=\"widget\" data-widget_type=\"heading.default\">\n\t\t\t\t<div class=\"elementor-widget-container\">\n\t\t\t\t\t<h3 class=\"elementor-heading-title elementor-size-default\">Souhaitez-vous<br><span style=\"color:#CC3631\">plus d'informations ?<\/span><\/h3>\t\t\t\t<\/div>\n\t\t\t\t<\/div>\n\t\t\t\t<div class=\"elementor-element elementor-element-716e19e5 elementor-widget elementor-widget-heading\" data-id=\"716e19e5\" data-element_type=\"widget\" data-e-type=\"widget\" data-widget_type=\"heading.default\">\n\t\t\t\t<div class=\"elementor-widget-container\">\n\t\t\t\t\t<p class=\"elementor-heading-title elementor-size-default\">SUIVEZ MICHAELA POUR \u00caTRE TOUJOURS AU COURANT DE SON ACTUALITE !<\/p>\t\t\t\t<\/div>\n\t\t\t\t<\/div>\n\t\t\t\t<div class=\"elementor-element elementor-element-37444166 elementor-align-left elementor-widescreen-align-left elementor-mobile-align-left elementor-widget elementor-widget-button\" data-id=\"37444166\" data-element_type=\"widget\" data-e-type=\"widget\" data-widget_type=\"button.default\">\n\t\t\t\t<div class=\"elementor-widget-container\">\n\t\t\t\t\t\t\t\t\t<div class=\"elementor-button-wrapper\">\n\t\t\t\t\t<a class=\"elementor-button elementor-button-link elementor-size-sm\" href=\"https:\/\/michaela-merk.com\/fr\/contact\/\">\n\t\t\t\t\t\t<span class=\"elementor-button-content-wrapper\">\n\t\t\t\t\t\t\t\t\t<span class=\"elementor-button-text\">Contact<\/span>\n\t\t\t\t\t<\/span>\n\t\t\t\t\t<\/a>\n\t\t\t\t<\/div>\n\t\t\t\t\t\t\t\t<\/div>\n\t\t\t\t<\/div>\n\t\t\t\t\t<\/div>\n\t\t\t\t<\/div>\n\t\t\t\t<\/div>\n\t\t\t\t<\/div>\n\t\t\t\t<\/div>\n\t\t\t\t\t\t<\/div>\n\t\t\t\t<\/div>\n\t\t\t\t<\/div>\n\t\t\t\t<\/div>\n\t\t","protected":false},"excerpt":{"rendered":"<p>FAQ Questions fr\u00e9quemment pos\u00e9es. SUPPORT Nous avons fourni une liste de r\u00e9ponses aux questions les plus fr\u00e9quemment pos\u00e9es dans la section FAQ.Si vous avez d&#8217;autres questions, n&#8217;h\u00e9sitez pas \u00e0 nous contacter. L&#8217;entrepriseConf\u00e9rencesAteliers30&#8242; Coaching priv\u00e9l Bootcamp Leadership L&#8217;ENTREPRISE Quel est l&#8217;objectif de l&#8217;entreprise ? Au fond, notre mission est simple : former de meilleurs dirigeants.\u00a0Inspir\u00e9s par [&hellip;]<\/p>\n","protected":false},"author":4,"featured_media":9343,"parent":0,"menu_order":100,"comment_status":"closed","ping_status":"closed","template":"","meta":{"footnotes":""},"class_list":["post-10206","page","type-page","status-publish","has-post-thumbnail","hentry"],"_links":{"self":[{"href":"https:\/\/michaela-merk.com\/fr\/wp-json\/wp\/v2\/pages\/10206","targetHints":{"allow":["GET"]}}],"collection":[{"href":"https:\/\/michaela-merk.com\/fr\/wp-json\/wp\/v2\/pages"}],"about":[{"href":"https:\/\/michaela-merk.com\/fr\/wp-json\/wp\/v2\/types\/page"}],"author":[{"embeddable":true,"href":"https:\/\/michaela-merk.com\/fr\/wp-json\/wp\/v2\/users\/4"}],"replies":[{"embeddable":true,"href":"https:\/\/michaela-merk.com\/fr\/wp-json\/wp\/v2\/comments?post=10206"}],"version-history":[{"count":6,"href":"https:\/\/michaela-merk.com\/fr\/wp-json\/wp\/v2\/pages\/10206\/revisions"}],"predecessor-version":[{"id":10212,"href":"https:\/\/michaela-merk.com\/fr\/wp-json\/wp\/v2\/pages\/10206\/revisions\/10212"}],"wp:featuredmedia":[{"embeddable":true,"href":"https:\/\/michaela-merk.com\/fr\/wp-json\/wp\/v2\/media\/9343"}],"wp:attachment":[{"href":"https:\/\/michaela-merk.com\/fr\/wp-json\/wp\/v2\/media?parent=10206"}],"curies":[{"name":"wp","href":"https:\/\/api.w.org\/{rel}","templated":true}]}}